{"id":5017,"date":"2022-07-12T11:14:52","date_gmt":"2022-07-12T09:14:52","guid":{"rendered":"https:\/\/turismodemarchena.org\/conoce-marchena\/fiestas-y-tradiciones\/semana-santa\/la-saeta-y-marchena\/"},"modified":"2023-04-05T16:02:33","modified_gmt":"2023-04-05T14:02:33","slug":"la-saeta-y-marchena","status":"publish","type":"page","link":"https:\/\/turismodemarchena.org\/fr\/conoce-marchena\/fiestas-y-tradiciones\/semana-santa\/la-saeta-y-marchena\/","title":{"rendered":"La Saeta et Marchena"},"content":{"rendered":"<div id=\"pl-5017\"  class=\"panel-layout\" ><div id=\"pg-5017-0\"  class=\"panel-grid panel-has-style\" ><div class=\"panel-row-style panel-row-style-for-5017-0\" ><div id=\"pgc-5017-0-0\"  class=\"panel-grid-cell\" ><div id=\"panel-5017-0-0-0\" class=\"so-panel widget widget_sow-editor panel-first-child panel-last-child\" data-index=\"0\" ><div class=\"panel-widget-style panel-widget-style-for-5017-0-0-0\" ><div\n\t\t\t\n\t\t\tclass=\"so-widget-sow-editor so-widget-sow-editor-base\"\n\t\t\t\n\t\t>\n<div class=\"siteorigin-widget-tinymce textwidget\">\n\t<p><strong>De los dos centros saeteros de las viejas y antiguas saetas, destaca sobremanera la villa de Marchena, muchos investigadores y expertos, coinciden en que este pueblo es el Centro Saetero m\u00e1s importante de Espa\u00f1a.<\/strong><\/p>\n<p>Se dan en estas tierras todos los condicionamientos y factores hist\u00f3ricos, religiosos, sociales, musicales, po\u00e9ticos y culturales, para llegar e incluso a pensarse seriamente que las saetas de Semana Santa pudieron nacer aqu\u00ed.<\/p>\n<p>Y puede explicarse como ya es sabido que los or\u00edgenes del nombre de saeta se atribuyen a las \u00d3rdenes Religiosas, principalmente a las Franciscanas, despu\u00e9s a las capuchinas y Dominica. Pues bien, ya en el siglo XV, a\u00f1o de 1424, se instala en Marchena el primer convento Franciscano y en 1530 se funda otro nuevo.<\/p>\n<p>M\u00e1s de diez \u00d3rdenes religiosas se instalaron a lo largo de los siglos en esta villa.\u2028Hist\u00f3ricamente, el pueblo de Marchena ha tenido una gran sensibilidad religiosa, art\u00edstica, po\u00e9tica y musical. Numerosos nombres de ciencia, letras, artes y religiosidad han sido oriundos o bien estuvieron en su vida en este municipio. En todo ello comienzan a nacer las Hermandades de Penitencia y con ellas las primitivas y antiguas Saetas Marcheneras.<\/p>\n<\/div>\n<\/div><\/div><\/div><\/div><div id=\"pgc-5017-0-1\"  class=\"panel-grid-cell\" ><div id=\"panel-5017-0-1-0\" class=\"so-panel widget widget_sow-image panel-first-child panel-last-child\" data-index=\"1\" ><div\n\t\t\t\n\t\t\tclass=\"so-widget-sow-image so-widget-sow-image-default-8b5b6f678277-5017\"\n\t\t\t\n\t\t>\n\n<div class=\"sow-image-container\">\n\t\t<img loading=\"lazy\" decoding=\"async\" src=\"https:\/\/turismodemarchena.org\/wp-content\/uploads\/2022\/07\/imgSaetas01.png\" width=\"625\" height=\"602\" srcset=\"https:\/\/turismodemarchena.org\/wp-content\/uploads\/2022\/07\/imgSaetas01.png 625w, https:\/\/turismodemarchena.org\/wp-content\/uploads\/2022\/07\/imgSaetas01-300x289.png 300w\" sizes=\"auto, (max-width: 625px) 100vw, 625px\" alt=\"composici\u00f3n de dos fotograf\u00edas, la imagen de Cristo durante el Calvario y el Cristo de la Vera-Cruz\" \t\tclass=\"so-widget-image\"\/>\n\t<\/div>\n\n<\/div><\/div><\/div><\/div><\/div><div id=\"pg-5017-1\"  class=\"panel-grid panel-has-style\" ><div class=\"u-invertir-orden siteorigin-panels-stretch panel-row-style panel-row-style-for-5017-1\" data-stretch-type=\"full\" ><div id=\"pgc-5017-1-0\"  class=\"panel-grid-cell\" ><div id=\"panel-5017-1-0-0\" class=\"so-panel widget widget_sow-image panel-first-child panel-last-child\" data-index=\"2\" ><div\n\t\t\t\n\t\t\tclass=\"so-widget-sow-image so-widget-sow-image-default-8b5b6f678277-5017\"\n\t\t\t\n\t\t>\n\n<div class=\"sow-image-container\">\n\t\t<img loading=\"lazy\" decoding=\"async\" src=\"https:\/\/turismodemarchena.org\/wp-content\/uploads\/2022\/07\/imgSaetas02b.png\" width=\"700\" height=\"480\" srcset=\"https:\/\/turismodemarchena.org\/wp-content\/uploads\/2022\/07\/imgSaetas02b.png 700w, https:\/\/turismodemarchena.org\/wp-content\/uploads\/2022\/07\/imgSaetas02b-300x206.png 300w, https:\/\/turismodemarchena.org\/wp-content\/uploads\/2022\/07\/imgSaetas02b-474x324.png 474w\" sizes=\"auto, (max-width: 700px) 100vw, 700px\" alt=\"Composici\u00f3n de dos im\u00e1genes que muestran primeros planos de dos im\u00e1genes de la Virgen\" \t\tclass=\"so-widget-image\"\/>\n\t<\/div>\n\n<\/div><\/div><\/div><div id=\"pgc-5017-1-1\"  class=\"panel-grid-cell\" ><div id=\"panel-5017-1-1-0\" class=\"so-panel widget widget_sow-editor panel-first-child panel-last-child\" data-index=\"3\" ><div class=\"panel-widget-style panel-widget-style-for-5017-1-1-0\" ><div\n\t\t\t\n\t\t\tclass=\"so-widget-sow-editor so-widget-sow-editor-base\"\n\t\t\t\n\t\t>\n<div class=\"siteorigin-widget-tinymce textwidget\">\n\t<p><strong>Diez tipos diferentes se conservan en la actualidad<\/strong> y quiz\u00e1s existi\u00f3 alguno m\u00e1s, pero qued\u00f3 en desuso y en el olvido del transcurrir del tiempo. La quinta y sexta del Cristo de San Pedro, La Cuarta de Ntro. Padre Jes\u00fas Nazareno, La Cuarta del Dulce Nombre de Jes\u00fas, la Cuarta del Se\u00f1or de la Humildad y Paciencia, las Carceleras de la Soledad y las Marcheneras componen este rico ramillete musical de gloriosa estirpe.<\/p>\n<p>Antes de continuar y poder escuchar alguna de estas saetas, hemos de agradecer a los Hermanos de la Hermandad de la Humildad, que en 1986 fundasen la <strong>Escuela de Saeta<\/strong> que lleva el nombre de la Hermandad, primera de Espa\u00f1a en el estudio y ense\u00f1anza de la Saeta, que en este discurrir ha recuperado ense\u00f1ado y estudiado los estilos de saetas antes mencionados y que sin su empe\u00f1o y el de sus profesores alguno casi hoy podr\u00eda haber pasado a la historia, ya que no exist\u00eda constancia escrita y documentada concreta de muchas de ellas y con la escuela y su estudio ha sido posible el que generaciones venideras puedan continuar esta tradici\u00f3n. A todos ellos y concretamente a los Hnos. Narvaez Castillo, muchas gracias, adem\u00e1s por la cesi\u00f3n de las grabaciones de saetas que se muestran en este sitio web. Que no tiene otra finalidad que la de difundir las peculiaridades, la tradici\u00f3n y el sentimiento que Marchena pone en su Semana Santa.<\/p>\n<\/div>\n<\/div><\/div><\/div><\/div><\/div><\/div><div id=\"pg-5017-2\"  class=\"panel-grid panel-has-style\" ><div class=\"panel-row-style panel-row-style-for-5017-2\" ><div id=\"pgc-5017-2-0\"  class=\"panel-grid-cell\" ><div id=\"panel-5017-2-0-0\" class=\"so-panel widget widget_sow-editor panel-first-child panel-last-child\" data-index=\"4\" ><div class=\"panel-widget-style panel-widget-style-for-5017-2-0-0\" ><div\n\t\t\t\n\t\t\tclass=\"so-widget-sow-editor so-widget-sow-editor-base\"\n\t\t\t\n\t\t>\n<div class=\"siteorigin-widget-tinymce textwidget\">\n\t<p>Ya hemos rese\u00f1ado que <strong>la Semana Santa es la fiesta m\u00e1s importante de Marchena<\/strong>. El fervor y la veneraci\u00f3n que los marcheneros profesan a las im\u00e1genes de Jes\u00fas y Mar\u00eda est\u00e1 fuera de toda duda, la conservaci\u00f3n y mantenimiento de sus tradiciones y costumbres que celosamente guardaron y que hoy gozan de un merecido prestigio fuera de nuestras fronteras.<\/p>\n<p>El escritor Mu\u00f1os y Pab\u00f3n dec\u00eda <em>\"La Semana Santa de Marchena, c\u00e9lebre a ochenta leguas a la redonda es, sin duda, una de las m\u00e1s interesantes de Espa\u00f1a\"<\/em>. Esta fusta fama la han ido adquiriendo a\u00f1o tras a\u00f1o, siglo tras siglo, sus Hermandades de Penitencia que supieron dotarla de innumerables y originales formar de presentar la pasi\u00f3n, distintas de cualquier otra. Formas y tradiciones que si bien no todas porque ser\u00edan casi innumerables, si tratamos en esta web alguna de las m\u00e1s significativas.<\/p>\n<p><strong>Contin\u00fae avanzando y podr\u00e1 escuchar y saber m\u00e1s sobre nuestras saetas antiguas.<\/strong><\/p>\n<\/div>\n<\/div><\/div><\/div><\/div><div id=\"pgc-5017-2-1\"  class=\"panel-grid-cell\" ><div id=\"panel-5017-2-1-0\" class=\"so-panel widget widget_sow-image panel-first-child panel-last-child\" data-index=\"5\" ><div class=\"u-sombra-dcha panel-widget-style panel-widget-style-for-5017-2-1-0\" ><div\n\t\t\t\n\t\t\tclass=\"so-widget-sow-image so-widget-sow-image-default-c67d20f9f743-5017\"\n\t\t\t\n\t\t>\n\n<div class=\"sow-image-container\">\n\t\t<img loading=\"lazy\" decoding=\"async\" src=\"https:\/\/turismodemarchena.org\/wp-content\/uploads\/2022\/07\/imgSaetas03.jpg\" width=\"300\" height=\"202\" srcset=\"https:\/\/turismodemarchena.org\/wp-content\/uploads\/2022\/07\/imgSaetas03.jpg 300w, https:\/\/turismodemarchena.org\/wp-content\/uploads\/2022\/07\/imgSaetas03-272x182.jpg 272w\" sizes=\"auto, (max-width: 300px) 100vw, 300px\" alt=\"Un paso con la imagen de Jes\u00fas durante el juicio\" \t\tclass=\"so-widget-image\"\/>\n\t<\/div>\n\n<\/div><\/div><\/div><\/div><\/div><\/div><div id=\"pg-5017-3\"  class=\"panel-grid panel-has-style\" ><div class=\"siteorigin-panels-stretch panel-row-style panel-row-style-for-5017-3\" data-stretch-type=\"full\" ><div id=\"pgc-5017-3-0\"  class=\"panel-grid-cell\" ><div id=\"panel-5017-3-0-0\" class=\"so-panel widget widget_sow-editor panel-first-child\" data-index=\"6\" ><div class=\"banda-medium panel-widget-style panel-widget-style-for-5017-3-0-0\" ><div\n\t\t\t\n\t\t\tclass=\"so-widget-sow-editor so-widget-sow-editor-base\"\n\t\t\t\n\t\t>\n<div class=\"siteorigin-widget-tinymce textwidget\">\n\t<p><strong>Escuche y sepa m\u00e1s sobre nuestras saetas antiguas.\"Quintas y Sextas\" del Cristo de San Pedro:<\/strong><\/p>\n<ul>\n<li>\"Cuarta\" de Ntro. Padre Jes\u00fas Nazareno<\/li>\n<li>\"Cuarta\" del Dulce Nombre de Jes\u00fas<\/li>\n<li>\"Cuarta\" del Se\u00f1or de la Humildad y Paciencia<\/li>\n<li>\"Carceleras\" de la Soledad<\/li>\n<li>\"Marcheneras\"<\/li>\n<\/ul>\n<\/div>\n<\/div><\/div><\/div><div id=\"panel-5017-3-0-1\" class=\"so-panel widget widget_sow-button panel-last-child\" data-index=\"7\" ><div class=\"banda-medium panel-widget-style panel-widget-style-for-5017-3-0-1\" ><div\n\t\t\t\n\t\t\tclass=\"so-widget-sow-button so-widget-sow-button-atom-1f412dcd43a6-5017\"\n\t\t\t\n\t\t><div class=\"ow-button-base ow-button-align-center\">\n\t<a\n\thref=\"\/conoce-marchena\/fiestas-y-tradiciones\/semana-santa\/nuestras-saetas\/\"\n\t\tclass=\"button-link ow-icon-placement-left ow-button-hover\" \t>\n\t\t<span>\n\t\t\t\n\t\t\tConocer y escuchar nuestras saetas\t\t<\/span>\n\t<\/a>\n<\/div>\n<\/div><\/div><\/div><\/div><\/div><\/div><\/div>","protected":false},"excerpt":{"rendered":"<p>De los dos centros saeteros de las viejas y antiguas saetas, destaca sobremanera la villa de Marchena, muchos investigadores y expertos, coinciden en que este pueblo es el Centro Saetero m\u00e1s importante de Espa\u00f1a. Se dan en estas tierras todos los condicionamientos y factores hist\u00f3ricos, religiosos, sociales, musicales, po\u00e9ticos y culturales, para llegar e incluso\u2026<\/p>\n","protected":false},"author":1,"featured_media":0,"parent":5013,"menu_order":0,"comment_status":"closed","ping_status":"closed","template":"","meta":{"content-type":"","footnotes":""},"class_list":["post-5017","page","type-page","status-publish","hentry","post"],"acf":[],"yoast_head":"<!-- This site is optimized with the Yoast SEO plugin v19.6.1 - https:\/\/yoast.com\/wordpress\/plugins\/seo\/ -->\n<title>La Saeta et Marchena - Turismo de Marchena<\/title>\n<meta name=\"description\" content=\"De los dos centros saeteros de las viejas y antiguas saetas, destaca sobremanera la villa de Marchena, muchos investigadores y expertos, coinciden en que\" \/>\n<meta name=\"robots\" content=\"index, follow, max-snippet:-1, max-image-preview:large, max-video-preview:-1\" \/>\n<link rel=\"canonical\" href=\"https:\/\/turismodemarchena.org\/fr\/conoce-marchena\/fiestas-y-tradiciones\/semana-santa\/la-saeta-y-marchena\/\" \/>\n<meta property=\"og:locale\" content=\"fr_FR\" \/>\n<meta property=\"og:type\" content=\"article\" \/>\n<meta property=\"og:title\" content=\"La Saeta et Marchena - Turismo de Marchena\" \/>\n<meta property=\"og:description\" content=\"De los dos centros saeteros de las viejas y antiguas saetas, destaca sobremanera la villa de Marchena, muchos investigadores y expertos, coinciden en que\" \/>\n<meta property=\"og:url\" content=\"https:\/\/turismodemarchena.org\/fr\/conoce-marchena\/fiestas-y-tradiciones\/semana-santa\/la-saeta-y-marchena\/\" \/>\n<meta property=\"og:site_name\" content=\"Marchena\" \/>\n<meta property=\"article:modified_time\" content=\"2023-04-05T14:02:33+00:00\" \/>\n<meta name=\"twitter:card\" content=\"summary_large_image\" \/>\n<meta name=\"twitter:label1\" content=\"Dur\u00e9e de lecture estim\u00e9e\" \/>\n\t<meta name=\"twitter:data1\" content=\"4 minutes\" \/>\n<script type=\"application\/ld+json\" class=\"yoast-schema-graph\">{\"@context\":\"https:\/\/schema.org\",\"@graph\":[{\"@type\":\"WebPage\",\"@id\":\"https:\/\/turismodemarchena.org\/fr\/conoce-marchena\/fiestas-y-tradiciones\/semana-santa\/la-saeta-y-marchena\/\",\"url\":\"https:\/\/turismodemarchena.org\/fr\/conoce-marchena\/fiestas-y-tradiciones\/semana-santa\/la-saeta-y-marchena\/\",\"name\":\"La Saeta et Marchena - Turismo de Marchena\",\"isPartOf\":{\"@id\":\"https:\/\/turismodemarchena.org\/#website\"},\"datePublished\":\"2022-07-12T09:14:52+00:00\",\"dateModified\":\"2023-04-05T14:02:33+00:00\",\"description\":\"De los dos centros saeteros de las viejas y antiguas saetas, destaca sobremanera la villa de Marchena, muchos investigadores y expertos, coinciden en que\",\"breadcrumb\":{\"@id\":\"https:\/\/turismodemarchena.org\/fr\/conoce-marchena\/fiestas-y-tradiciones\/semana-santa\/la-saeta-y-marchena\/#breadcrumb\"},\"inLanguage\":\"fr-FR\",\"potentialAction\":[{\"@type\":\"ReadAction\",\"target\":[\"https:\/\/turismodemarchena.org\/fr\/conoce-marchena\/fiestas-y-tradiciones\/semana-santa\/la-saeta-y-marchena\/\"]}]},{\"@type\":\"BreadcrumbList\",\"@id\":\"https:\/\/turismodemarchena.org\/fr\/conoce-marchena\/fiestas-y-tradiciones\/semana-santa\/la-saeta-y-marchena\/#breadcrumb\",\"itemListElement\":[{\"@type\":\"ListItem\",\"position\":1,\"name\":\"Home\",\"item\":\"https:\/\/turismodemarchena.org\/fr\/\"},{\"@type\":\"ListItem\",\"position\":2,\"name\":\"Rencontrez Marchena\",\"item\":\"https:\/\/turismodemarchena.org\/fr\/conoce-marchena\/\"},{\"@type\":\"ListItem\",\"position\":3,\"name\":\"F\u00eates et traditions\",\"item\":\"https:\/\/turismodemarchena.org\/fr\/conoce-marchena\/fiestas-y-tradiciones\/\"},{\"@type\":\"ListItem\",\"position\":4,\"name\":\"Semaine Sainte\",\"item\":\"https:\/\/turismodemarchena.org\/fr\/conoce-marchena\/fiestas-y-tradiciones\/semana-santa\/\"},{\"@type\":\"ListItem\",\"position\":5,\"name\":\"La Saeta et Marchena\"}]},{\"@type\":\"WebSite\",\"@id\":\"https:\/\/turismodemarchena.org\/#website\",\"url\":\"https:\/\/turismodemarchena.org\/\",\"name\":\"Marchena\",\"description\":\"\",\"publisher\":{\"@id\":\"https:\/\/turismodemarchena.org\/#organization\"},\"potentialAction\":[{\"@type\":\"SearchAction\",\"target\":{\"@type\":\"EntryPoint\",\"urlTemplate\":\"https:\/\/turismodemarchena.org\/?s={search_term_string}\"},\"query-input\":\"required name=search_term_string\"}],\"inLanguage\":\"fr-FR\"},{\"@type\":\"Organization\",\"@id\":\"https:\/\/turismodemarchena.org\/#organization\",\"name\":\"Turismo de Marchena\",\"url\":\"https:\/\/turismodemarchena.org\/\",\"sameAs\":[],\"logo\":{\"@type\":\"ImageObject\",\"inLanguage\":\"fr-FR\",\"@id\":\"https:\/\/turismodemarchena.org\/#\/schema\/logo\/image\/\",\"url\":\"https:\/\/turismodemarchena.org\/wp-content\/uploads\/2022\/09\/logoAyuntamientoMarchenaB.png\",\"contentUrl\":\"https:\/\/turismodemarchena.org\/wp-content\/uploads\/2022\/09\/logoAyuntamientoMarchenaB.png\",\"width\":184,\"height\":66,\"caption\":\"Turismo de Marchena\"},\"image\":{\"@id\":\"https:\/\/turismodemarchena.org\/#\/schema\/logo\/image\/\"}}]}<\/script>\n<!-- \/ Yoast SEO plugin. -->","yoast_head_json":{"title":"La Saeta et Marchena - Turismo de Marchena","description":"De los dos centros saeteros de las viejas y antiguas saetas, destaca sobremanera la villa de Marchena, muchos investigadores y expertos, coinciden en que","robots":{"index":"index","follow":"follow","max-snippet":"max-snippet:-1","max-image-preview":"max-image-preview:large","max-video-preview":"max-video-preview:-1"},"canonical":"https:\/\/turismodemarchena.org\/fr\/conoce-marchena\/fiestas-y-tradiciones\/semana-santa\/la-saeta-y-marchena\/","og_locale":"fr_FR","og_type":"article","og_title":"La Saeta et Marchena - Turismo de Marchena","og_description":"De los dos centros saeteros de las viejas y antiguas saetas, destaca sobremanera la villa de Marchena, muchos investigadores y expertos, coinciden en que","og_url":"https:\/\/turismodemarchena.org\/fr\/conoce-marchena\/fiestas-y-tradiciones\/semana-santa\/la-saeta-y-marchena\/","og_site_name":"Marchena","article_modified_time":"2023-04-05T14:02:33+00:00","twitter_card":"summary_large_image","twitter_misc":{"Dur\u00e9e de lecture estim\u00e9e":"4 minutes"},"schema":{"@context":"https:\/\/schema.org","@graph":[{"@type":"WebPage","@id":"https:\/\/turismodemarchena.org\/fr\/conoce-marchena\/fiestas-y-tradiciones\/semana-santa\/la-saeta-y-marchena\/","url":"https:\/\/turismodemarchena.org\/fr\/conoce-marchena\/fiestas-y-tradiciones\/semana-santa\/la-saeta-y-marchena\/","name":"La Saeta et Marchena - Turismo de Marchena","isPartOf":{"@id":"https:\/\/turismodemarchena.org\/#website"},"datePublished":"2022-07-12T09:14:52+00:00","dateModified":"2023-04-05T14:02:33+00:00","description":"De los dos centros saeteros de las viejas y antiguas saetas, destaca sobremanera la villa de Marchena, muchos investigadores y expertos, coinciden en que","breadcrumb":{"@id":"https:\/\/turismodemarchena.org\/fr\/conoce-marchena\/fiestas-y-tradiciones\/semana-santa\/la-saeta-y-marchena\/#breadcrumb"},"inLanguage":"fr-FR","potentialAction":[{"@type":"ReadAction","target":["https:\/\/turismodemarchena.org\/fr\/conoce-marchena\/fiestas-y-tradiciones\/semana-santa\/la-saeta-y-marchena\/"]}]},{"@type":"BreadcrumbList","@id":"https:\/\/turismodemarchena.org\/fr\/conoce-marchena\/fiestas-y-tradiciones\/semana-santa\/la-saeta-y-marchena\/#breadcrumb","itemListElement":[{"@type":"ListItem","position":1,"name":"Home","item":"https:\/\/turismodemarchena.org\/fr\/"},{"@type":"ListItem","position":2,"name":"Rencontrez Marchena","item":"https:\/\/turismodemarchena.org\/fr\/conoce-marchena\/"},{"@type":"ListItem","position":3,"name":"F\u00eates et traditions","item":"https:\/\/turismodemarchena.org\/fr\/conoce-marchena\/fiestas-y-tradiciones\/"},{"@type":"ListItem","position":4,"name":"Semaine Sainte","item":"https:\/\/turismodemarchena.org\/fr\/conoce-marchena\/fiestas-y-tradiciones\/semana-santa\/"},{"@type":"ListItem","position":5,"name":"La Saeta et Marchena"}]},{"@type":"WebSite","@id":"https:\/\/turismodemarchena.org\/#website","url":"https:\/\/turismodemarchena.org\/","name":"Marchena","description":"","publisher":{"@id":"https:\/\/turismodemarchena.org\/#organization"},"potentialAction":[{"@type":"SearchAction","target":{"@type":"EntryPoint","urlTemplate":"https:\/\/turismodemarchena.org\/?s={search_term_string}"},"query-input":"required name=search_term_string"}],"inLanguage":"fr-FR"},{"@type":"Organization","@id":"https:\/\/turismodemarchena.org\/#organization","name":"Turismo de Marchena","url":"https:\/\/turismodemarchena.org\/","sameAs":[],"logo":{"@type":"ImageObject","inLanguage":"fr-FR","@id":"https:\/\/turismodemarchena.org\/#\/schema\/logo\/image\/","url":"https:\/\/turismodemarchena.org\/wp-content\/uploads\/2022\/09\/logoAyuntamientoMarchenaB.png","contentUrl":"https:\/\/turismodemarchena.org\/wp-content\/uploads\/2022\/09\/logoAyuntamientoMarchenaB.png","width":184,"height":66,"caption":"Turismo de Marchena"},"image":{"@id":"https:\/\/turismodemarchena.org\/#\/schema\/logo\/image\/"}}]}},"_links":{"self":[{"href":"https:\/\/turismodemarchena.org\/fr\/wp-json\/wp\/v2\/pages\/5017","targetHints":{"allow":["GET"]}}],"collection":[{"href":"https:\/\/turismodemarchena.org\/fr\/wp-json\/wp\/v2\/pages"}],"about":[{"href":"https:\/\/turismodemarchena.org\/fr\/wp-json\/wp\/v2\/types\/page"}],"author":[{"embeddable":true,"href":"https:\/\/turismodemarchena.org\/fr\/wp-json\/wp\/v2\/users\/1"}],"replies":[{"embeddable":true,"href":"https:\/\/turismodemarchena.org\/fr\/wp-json\/wp\/v2\/comments?post=5017"}],"version-history":[{"count":3,"href":"https:\/\/turismodemarchena.org\/fr\/wp-json\/wp\/v2\/pages\/5017\/revisions"}],"predecessor-version":[{"id":5691,"href":"https:\/\/turismodemarchena.org\/fr\/wp-json\/wp\/v2\/pages\/5017\/revisions\/5691"}],"up":[{"embeddable":true,"href":"https:\/\/turismodemarchena.org\/fr\/wp-json\/wp\/v2\/pages\/5013"}],"wp:attachment":[{"href":"https:\/\/turismodemarchena.org\/fr\/wp-json\/wp\/v2\/media?parent=5017"}],"curies":[{"name":"wp","href":"https:\/\/api.w.org\/{rel}","templated":true}]}}