{"id":5001,"date":"2022-07-01T14:00:47","date_gmt":"2022-07-01T12:00:47","guid":{"rendered":"https:\/\/turismodemarchena.org\/conoce-marchena\/fiestas-y-tradiciones\/feria\/"},"modified":"2023-04-05T14:44:08","modified_gmt":"2023-04-05T12:44:08","slug":"feria","status":"publish","type":"page","link":"https:\/\/turismodemarchena.org\/fr\/conoce-marchena\/fiestas-y-tradiciones\/feria\/","title":{"rendered":"F\u00eate"},"content":{"rendered":"<div id=\"pl-5001\"  class=\"panel-layout\" ><div id=\"pg-5001-0\"  class=\"panel-grid panel-has-style\" ><div class=\"siteorigin-panels-stretch panel-row-style panel-row-style-for-5001-0\" data-stretch-type=\"full\" ><div id=\"pgc-5001-0-0\"  class=\"panel-grid-cell\" ><div id=\"panel-5001-0-0-0\" class=\"so-panel widget widget_sow-editor panel-first-child panel-last-child\" data-index=\"0\" ><div class=\"panel-widget-style panel-widget-style-for-5001-0-0-0\" ><div\n\t\t\t\n\t\t\tclass=\"so-widget-sow-editor so-widget-sow-editor-base\"\n\t\t\t\n\t\t>\n<div class=\"siteorigin-widget-tinymce textwidget\">\n\t<p>Las ferias nacen en la Edad Media en Espa\u00f1a, y han sido desde entonces el principal medio para intercambiar los diversos productos entre los reinos espa\u00f1oles. El origen hist\u00f3rico de la feria de Marchena tiene su primer precedente en 1394 y se celebraba del 16 al 30 de Junio.<\/p>\n<p>Los or\u00edgenes de la actual feria proceden de los a\u00f1os 30 de 1800 cuando se solicita a la monarqu\u00eda (durante la regencia de Maria Cristina), por parte del ayuntamiento Constitucional de entonces, su aprobaci\u00f3n para el fomento de la ganader\u00eda caballar, esencialmente. Se celebra por 1\u00aa vez el a\u00f1o 1836, aunque se ten\u00eda facultad real para celebrarla desde 1832, durante los d\u00edas 28, 29 y 30 de Agosto.<\/p>\n<p>En 1839 se traslad\u00f3 a los d\u00edas 2, 3 y 4 de Septiembre, y entre 1840 y 1845 pas\u00f3 a los d\u00edas 1, 2 y 3 de Septiembre, al finalizar en esas fechas el ciclo agr\u00edcola de los cereales despu\u00e9s de su cosecha, almacenamiento y estar la tierra cubierta de rastrojos para el pastoreo del ganado. Fechas que ya perdurar\u00edan hasta la feria de 1973 en que se cambi\u00f3 a los d\u00edas 30 y 31 de Agosto y 1 y 2 de Septiembre para hacerla coincidir con los cuatros \u00faltimos d\u00edas de la semana.<\/p>\n<p>A finales de los a\u00f1os 80, la masiva participaci\u00f3n popular, la incesante llegada de visitantes y el crecimiento de la actividad de la feria, hace que el ayuntamiento se plante\u00e9 el traslado de la Feria a un nuevo recinto. \u00c9ste se estrenar\u00e1 en 1990 situado en los terrenos de la Carretera de Paradas, gozando de amplias infraestructuras y servicios.<\/p>\n<p>En 2001 con la entrada de un nuevo siglo se produce otra transformaci\u00f3n sustancial que ata\u00f1e al calendario de la celebraci\u00f3n: la feria se hace coincidir con otra fiesta que tuvo gran raigambre popular: la festividad del Corpus Cristi, unific\u00e1ndola con las celebraciones de la \"Vel\u00e1 del Corpus\" y la salida en procesi\u00f3n del Corpus.<\/p>\n<p>En el a\u00f1o 2004 la feria volvi\u00f3 a modificarse para volver al calendario tradicional.<\/p>\n<p>Actualmente la Feria de Marchena, ha quedado reducida a sus aspectos festivos, marginando hasta desaparecer el mercado de ganado que le hab\u00eda dado origen. La feria se ha convertido en un acontecimiento ligado al ocio y el entretenimiento, una manifestaci\u00f3n de los valores propios y andaluces y un excelente reclamo tur\u00edstico.<\/p>\n<p>El actual recinto ferial situado en los aleda\u00f1os de la carretera de Paradas, est\u00e1 lleno de casetas, caballos, trajes flamencos, vestidos de faralaes, atracciones, alegr\u00eda\u2026 y las tradicionales sevillanas, y donde todo al que se acerca durante esos d\u00edas puede disfrutar de la hospitalidad de los marcheneros.<\/p>\n<\/div>\n<\/div><\/div><\/div><\/div><div id=\"pgc-5001-0-1\"  class=\"panel-grid-cell\" ><div id=\"panel-5001-0-1-0\" class=\"so-panel widget widget_sow-image panel-first-child panel-last-child\" data-index=\"1\" ><div\n\t\t\t\n\t\t\tclass=\"so-widget-sow-image so-widget-sow-image-default-8b5b6f678277-5001\"\n\t\t\t\n\t\t>\n\n<div class=\"sow-image-container\">\n\t\t<img loading=\"lazy\" decoding=\"async\" src=\"https:\/\/turismodemarchena.org\/wp-content\/uploads\/2022\/08\/imgFeria01.png\" width=\"650\" height=\"800\" srcset=\"https:\/\/turismodemarchena.org\/wp-content\/uploads\/2022\/08\/imgFeria01.png 650w, https:\/\/turismodemarchena.org\/wp-content\/uploads\/2022\/08\/imgFeria01-244x300.png 244w\" sizes=\"auto, (max-width: 650px) 100vw, 650px\" alt=\"\" \t\tclass=\"so-widget-image\"\/>\n\t<\/div>\n\n<\/div><\/div><\/div><\/div><\/div><div id=\"pg-5001-1\"  class=\"panel-grid panel-has-style\" ><div class=\"siteorigin-panels-stretch panel-row-style panel-row-style-for-5001-1\" data-stretch-type=\"full\" ><div id=\"pgc-5001-1-0\"  class=\"panel-grid-cell\" ><div id=\"panel-5001-1-0-0\" class=\"so-panel widget widget_sow-editor panel-first-child panel-last-child\" data-index=\"2\" ><div\n\t\t\t\n\t\t\tclass=\"so-widget-sow-editor so-widget-sow-editor-base\"\n\t\t\t\n\t\t>\n<div class=\"siteorigin-widget-tinymce textwidget\">\n\t\n\t\t\t\t<div id=\"niso-carousel-1833\" class=\"owl-carousel niso-carousel owl-theme niso-theme nav3\">\n\t<div class=\"item\"><a href=\"https:\/\/turismodemarchena.org\/wp-content\/uploads\/2022\/07\/000354.jpg\" data-lightbox-gallery=\"gallery1833\"><img loading=\"lazy\" decoding=\"async\" width=\"300\" height=\"250\" src=\"https:\/\/turismodemarchena.org\/wp-content\/uploads\/2022\/07\/000354-300x250.jpg\" class=\"attachment-medium size-medium\" alt=\"\" srcset=\"https:\/\/turismodemarchena.org\/wp-content\/uploads\/2022\/07\/000354-300x250.jpg 300w, https:\/\/turismodemarchena.org\/wp-content\/uploads\/2022\/07\/000354-768x639.jpg 768w, https:\/\/turismodemarchena.org\/wp-content\/uploads\/2022\/07\/000354.jpg 900w\" sizes=\"auto, (max-width: 300px) 100vw, 300px\" \/><\/a><\/div><div class=\"item\"><a href=\"https:\/\/turismodemarchena.org\/wp-content\/uploads\/2022\/07\/000388.jpg\" data-lightbox-gallery=\"gallery1833\"><img loading=\"lazy\" decoding=\"async\" width=\"300\" height=\"234\" src=\"https:\/\/turismodemarchena.org\/wp-content\/uploads\/2022\/07\/000388-300x234.jpg\" class=\"attachment-medium size-medium\" alt=\"\" srcset=\"https:\/\/turismodemarchena.org\/wp-content\/uploads\/2022\/07\/000388-300x234.jpg 300w, https:\/\/turismodemarchena.org\/wp-content\/uploads\/2022\/07\/000388-768x600.jpg 768w, https:\/\/turismodemarchena.org\/wp-content\/uploads\/2022\/07\/000388.jpg 900w\" sizes=\"auto, (max-width: 300px) 100vw, 300px\" \/><\/a><\/div><div class=\"item\"><a href=\"https:\/\/turismodemarchena.org\/wp-content\/uploads\/2022\/07\/000518-809x1024.jpg\" data-lightbox-gallery=\"gallery1833\"><img loading=\"lazy\" decoding=\"async\" width=\"237\" height=\"300\" src=\"https:\/\/turismodemarchena.org\/wp-content\/uploads\/2022\/07\/000518-237x300.jpg\" class=\"attachment-medium size-medium\" alt=\"\" srcset=\"https:\/\/turismodemarchena.org\/wp-content\/uploads\/2022\/07\/000518-237x300.jpg 237w, https:\/\/turismodemarchena.org\/wp-content\/uploads\/2022\/07\/000518-809x1024.jpg 809w, https:\/\/turismodemarchena.org\/wp-content\/uploads\/2022\/07\/000518-768x972.jpg 768w, https:\/\/turismodemarchena.org\/wp-content\/uploads\/2022\/07\/000518.jpg 900w\" sizes=\"auto, (max-width: 237px) 100vw, 237px\" \/><\/a><\/div><div class=\"item\"><a href=\"https:\/\/turismodemarchena.org\/wp-content\/uploads\/2022\/07\/000558-683x1024.jpg\" data-lightbox-gallery=\"gallery1833\"><img loading=\"lazy\" decoding=\"async\" width=\"200\" height=\"300\" src=\"https:\/\/turismodemarchena.org\/wp-content\/uploads\/2022\/07\/000558-200x300.jpg\" class=\"attachment-medium size-medium\" alt=\"\" srcset=\"https:\/\/turismodemarchena.org\/wp-content\/uploads\/2022\/07\/000558-200x300.jpg 200w, https:\/\/turismodemarchena.org\/wp-content\/uploads\/2022\/07\/000558-683x1024.jpg 683w, https:\/\/turismodemarchena.org\/wp-content\/uploads\/2022\/07\/000558-768x1152.jpg 768w, https:\/\/turismodemarchena.org\/wp-content\/uploads\/2022\/07\/000558.jpg 900w\" sizes=\"auto, (max-width: 200px) 100vw, 200px\" \/><\/a><\/div><div class=\"item\"><a href=\"https:\/\/turismodemarchena.org\/wp-content\/uploads\/2022\/07\/000608-683x1024.jpg\" data-lightbox-gallery=\"gallery1833\"><img loading=\"lazy\" decoding=\"async\" width=\"200\" height=\"300\" src=\"https:\/\/turismodemarchena.org\/wp-content\/uploads\/2022\/07\/000608-200x300.jpg\" class=\"attachment-medium size-medium\" alt=\"\" srcset=\"https:\/\/turismodemarchena.org\/wp-content\/uploads\/2022\/07\/000608-200x300.jpg 200w, https:\/\/turismodemarchena.org\/wp-content\/uploads\/2022\/07\/000608-683x1024.jpg 683w, https:\/\/turismodemarchena.org\/wp-content\/uploads\/2022\/07\/000608-768x1152.jpg 768w, https:\/\/turismodemarchena.org\/wp-content\/uploads\/2022\/07\/000608.jpg 900w\" sizes=\"auto, (max-width: 200px) 100vw, 200px\" \/><\/a><\/div><div class=\"item\"><a href=\"https:\/\/turismodemarchena.org\/wp-content\/uploads\/2022\/07\/feria1900.jpg\" data-lightbox-gallery=\"gallery1833\"><img loading=\"lazy\" decoding=\"async\" width=\"300\" height=\"219\" src=\"https:\/\/turismodemarchena.org\/wp-content\/uploads\/2022\/07\/feria1900-300x219.jpg\" class=\"attachment-medium size-medium\" alt=\"\" srcset=\"https:\/\/turismodemarchena.org\/wp-content\/uploads\/2022\/07\/feria1900-300x219.jpg 300w, https:\/\/turismodemarchena.org\/wp-content\/uploads\/2022\/07\/feria1900-768x559.jpg 768w, https:\/\/turismodemarchena.org\/wp-content\/uploads\/2022\/07\/feria1900.jpg 854w\" sizes=\"auto, (max-width: 300px) 100vw, 300px\" \/><\/a><\/div><div class=\"item\"><a href=\"https:\/\/turismodemarchena.org\/wp-content\/uploads\/2022\/07\/feria1905-1-1024x737.jpg\" data-lightbox-gallery=\"gallery1833\"><img loading=\"lazy\" decoding=\"async\" width=\"300\" height=\"216\" src=\"https:\/\/turismodemarchena.org\/wp-content\/uploads\/2022\/07\/feria1905-1-300x216.jpg\" class=\"attachment-medium size-medium\" alt=\"\" srcset=\"https:\/\/turismodemarchena.org\/wp-content\/uploads\/2022\/07\/feria1905-1-300x216.jpg 300w, https:\/\/turismodemarchena.org\/wp-content\/uploads\/2022\/07\/feria1905-1-1024x737.jpg 1024w, https:\/\/turismodemarchena.org\/wp-content\/uploads\/2022\/07\/feria1905-1-768x553.jpg 768w, https:\/\/turismodemarchena.org\/wp-content\/uploads\/2022\/07\/feria1905-1-1536x1106.jpg 1536w, https:\/\/turismodemarchena.org\/wp-content\/uploads\/2022\/07\/feria1905-1-2048x1475.jpg 2048w\" sizes=\"auto, (max-width: 300px) 100vw, 300px\" \/><\/a><\/div><div class=\"item\"><a href=\"https:\/\/turismodemarchena.org\/wp-content\/uploads\/2022\/07\/feria1936-763x1024.jpg\" data-lightbox-gallery=\"gallery1833\"><img loading=\"lazy\" decoding=\"async\" width=\"224\" height=\"300\" src=\"https:\/\/turismodemarchena.org\/wp-content\/uploads\/2022\/07\/feria1936-224x300.jpg\" class=\"attachment-medium size-medium\" alt=\"\" srcset=\"https:\/\/turismodemarchena.org\/wp-content\/uploads\/2022\/07\/feria1936-224x300.jpg 224w, https:\/\/turismodemarchena.org\/wp-content\/uploads\/2022\/07\/feria1936-763x1024.jpg 763w, https:\/\/turismodemarchena.org\/wp-content\/uploads\/2022\/07\/feria1936-768x1030.jpg 768w, https:\/\/turismodemarchena.org\/wp-content\/uploads\/2022\/07\/feria1936-300x400.jpg 300w, https:\/\/turismodemarchena.org\/wp-content\/uploads\/2022\/07\/feria1936.jpg 902w\" sizes=\"auto, (max-width: 224px) 100vw, 224px\" \/><\/a><\/div><div class=\"item\"><a href=\"https:\/\/turismodemarchena.org\/wp-content\/uploads\/2022\/07\/feriaganado.jpg\" data-lightbox-gallery=\"gallery1833\"><img loading=\"lazy\" decoding=\"async\" width=\"300\" height=\"225\" src=\"https:\/\/turismodemarchena.org\/wp-content\/uploads\/2022\/07\/feriaganado-300x225.jpg\" class=\"attachment-medium size-medium\" alt=\"\" srcset=\"https:\/\/turismodemarchena.org\/wp-content\/uploads\/2022\/07\/feriaganado-300x225.jpg 300w, https:\/\/turismodemarchena.org\/wp-content\/uploads\/2022\/07\/feriaganado-768x576.jpg 768w, https:\/\/turismodemarchena.org\/wp-content\/uploads\/2022\/07\/feriaganado.jpg 1024w\" sizes=\"auto, (max-width: 300px) 100vw, 300px\" \/><\/a><\/div><div class=\"item\"><a href=\"https:\/\/turismodemarchena.org\/wp-content\/uploads\/2022\/07\/IMG_0465.jpg\" data-lightbox-gallery=\"gallery1833\"><img loading=\"lazy\" decoding=\"async\" width=\"300\" height=\"200\" src=\"https:\/\/turismodemarchena.org\/wp-content\/uploads\/2022\/07\/IMG_0465-300x200.jpg\" class=\"attachment-medium size-medium\" alt=\"\" srcset=\"https:\/\/turismodemarchena.org\/wp-content\/uploads\/2022\/07\/IMG_0465-300x200.jpg 300w, https:\/\/turismodemarchena.org\/wp-content\/uploads\/2022\/07\/IMG_0465-768x512.jpg 768w, https:\/\/turismodemarchena.org\/wp-content\/uploads\/2022\/07\/IMG_0465-391x260.jpg 391w, https:\/\/turismodemarchena.org\/wp-content\/uploads\/2022\/07\/IMG_0465-720x480.jpg 720w, https:\/\/turismodemarchena.org\/wp-content\/uploads\/2022\/07\/IMG_0465-272x182.jpg 272w, https:\/\/turismodemarchena.org\/wp-content\/uploads\/2022\/07\/IMG_0465.jpg 900w\" sizes=\"auto, (max-width: 300px) 100vw, 300px\" \/><\/a><\/div><div class=\"item\"><a href=\"https:\/\/turismodemarchena.org\/wp-content\/uploads\/2022\/07\/IMG_0833-683x1024.jpg\" data-lightbox-gallery=\"gallery1833\"><img loading=\"lazy\" decoding=\"async\" width=\"200\" height=\"300\" src=\"https:\/\/turismodemarchena.org\/wp-content\/uploads\/2022\/07\/IMG_0833-200x300.jpg\" class=\"attachment-medium size-medium\" alt=\"\" srcset=\"https:\/\/turismodemarchena.org\/wp-content\/uploads\/2022\/07\/IMG_0833-200x300.jpg 200w, https:\/\/turismodemarchena.org\/wp-content\/uploads\/2022\/07\/IMG_0833-683x1024.jpg 683w, https:\/\/turismodemarchena.org\/wp-content\/uploads\/2022\/07\/IMG_0833-768x1152.jpg 768w, https:\/\/turismodemarchena.org\/wp-content\/uploads\/2022\/07\/IMG_0833.jpg 900w\" sizes=\"auto, (max-width: 200px) 100vw, 200px\" \/><\/a><\/div><div class=\"item\"><a href=\"https:\/\/turismodemarchena.org\/wp-content\/uploads\/2022\/07\/IMG_1287.jpg\" data-lightbox-gallery=\"gallery1833\"><img loading=\"lazy\" decoding=\"async\" width=\"300\" height=\"200\" src=\"https:\/\/turismodemarchena.org\/wp-content\/uploads\/2022\/07\/IMG_1287-300x200.jpg\" class=\"attachment-medium size-medium\" alt=\"\" srcset=\"https:\/\/turismodemarchena.org\/wp-content\/uploads\/2022\/07\/IMG_1287-300x200.jpg 300w, https:\/\/turismodemarchena.org\/wp-content\/uploads\/2022\/07\/IMG_1287-768x512.jpg 768w, https:\/\/turismodemarchena.org\/wp-content\/uploads\/2022\/07\/IMG_1287-391x260.jpg 391w, https:\/\/turismodemarchena.org\/wp-content\/uploads\/2022\/07\/IMG_1287-720x480.jpg 720w, https:\/\/turismodemarchena.org\/wp-content\/uploads\/2022\/07\/IMG_1287-272x182.jpg 272w, https:\/\/turismodemarchena.org\/wp-content\/uploads\/2022\/07\/IMG_1287.jpg 900w\" sizes=\"auto, (max-width: 300px) 100vw, 300px\" \/><\/a><\/div><div class=\"item\"><a href=\"https:\/\/turismodemarchena.org\/wp-content\/uploads\/2022\/07\/IMG_1290.jpg\" data-lightbox-gallery=\"gallery1833\"><img loading=\"lazy\" decoding=\"async\" width=\"300\" height=\"200\" src=\"https:\/\/turismodemarchena.org\/wp-content\/uploads\/2022\/07\/IMG_1290-300x200.jpg\" class=\"attachment-medium size-medium\" alt=\"\" srcset=\"https:\/\/turismodemarchena.org\/wp-content\/uploads\/2022\/07\/IMG_1290-300x200.jpg 300w, https:\/\/turismodemarchena.org\/wp-content\/uploads\/2022\/07\/IMG_1290-768x512.jpg 768w, https:\/\/turismodemarchena.org\/wp-content\/uploads\/2022\/07\/IMG_1290-391x260.jpg 391w, https:\/\/turismodemarchena.org\/wp-content\/uploads\/2022\/07\/IMG_1290-720x480.jpg 720w, https:\/\/turismodemarchena.org\/wp-content\/uploads\/2022\/07\/IMG_1290-272x182.jpg 272w, https:\/\/turismodemarchena.org\/wp-content\/uploads\/2022\/07\/IMG_1290.jpg 900w\" sizes=\"auto, (max-width: 300px) 100vw, 300px\" \/><\/a><\/div><div class=\"item\"><a href=\"https:\/\/turismodemarchena.org\/wp-content\/uploads\/2022\/07\/IMG_1453.jpg\" data-lightbox-gallery=\"gallery1833\"><img loading=\"lazy\" decoding=\"async\" width=\"300\" height=\"200\" src=\"https:\/\/turismodemarchena.org\/wp-content\/uploads\/2022\/07\/IMG_1453-300x200.jpg\" class=\"attachment-medium size-medium\" alt=\"\" srcset=\"https:\/\/turismodemarchena.org\/wp-content\/uploads\/2022\/07\/IMG_1453-300x200.jpg 300w, https:\/\/turismodemarchena.org\/wp-content\/uploads\/2022\/07\/IMG_1453-768x512.jpg 768w, https:\/\/turismodemarchena.org\/wp-content\/uploads\/2022\/07\/IMG_1453-391x260.jpg 391w, https:\/\/turismodemarchena.org\/wp-content\/uploads\/2022\/07\/IMG_1453-720x480.jpg 720w, https:\/\/turismodemarchena.org\/wp-content\/uploads\/2022\/07\/IMG_1453-272x182.jpg 272w, https:\/\/turismodemarchena.org\/wp-content\/uploads\/2022\/07\/IMG_1453.jpg 900w\" sizes=\"auto, (max-width: 300px) 100vw, 300px\" \/><\/a><\/div><div class=\"item\"><a href=\"https:\/\/turismodemarchena.org\/wp-content\/uploads\/2022\/07\/Montaje-de-casetas-Feria-de-Marchena.jpg\" data-lightbox-gallery=\"gallery1833\"><img loading=\"lazy\" decoding=\"async\" width=\"300\" height=\"210\" src=\"https:\/\/turismodemarchena.org\/wp-content\/uploads\/2022\/07\/Montaje-de-casetas-Feria-de-Marchena-300x210.jpg\" class=\"attachment-medium size-medium\" alt=\"\" srcset=\"https:\/\/turismodemarchena.org\/wp-content\/uploads\/2022\/07\/Montaje-de-casetas-Feria-de-Marchena-300x210.jpg 300w, https:\/\/turismodemarchena.org\/wp-content\/uploads\/2022\/07\/Montaje-de-casetas-Feria-de-Marchena.jpg 720w\" sizes=\"auto, (max-width: 300px) 100vw, 300px\" \/><\/a><\/div><div class=\"item\"><a href=\"https:\/\/turismodemarchena.org\/wp-content\/uploads\/2022\/07\/revista1950-1.jpg\" data-lightbox-gallery=\"gallery1833\"><img loading=\"lazy\" decoding=\"async\" width=\"212\" height=\"300\" src=\"https:\/\/turismodemarchena.org\/wp-content\/uploads\/2022\/07\/revista1950-1-212x300.jpg\" class=\"attachment-medium size-medium\" alt=\"\" srcset=\"https:\/\/turismodemarchena.org\/wp-content\/uploads\/2022\/07\/revista1950-1-212x300.jpg 212w, https:\/\/turismodemarchena.org\/wp-content\/uploads\/2022\/07\/revista1950-1.jpg 320w\" sizes=\"auto, (max-width: 212px) 100vw, 212px\" \/><\/a><\/div>\t<\/div>\n\t\t\t\t\t\n\t\n\t \n \n \n<\/div>\n<\/div><\/div><\/div><\/div><\/div><\/div>","protected":false},"excerpt":{"rendered":"<p>Las ferias nacen en la Edad Media en Espa\u00f1a, y han sido desde entonces el principal medio para intercambiar los diversos productos entre los reinos espa\u00f1oles. El origen hist\u00f3rico de la feria de Marchena tiene su primer precedente en 1394 y se celebraba del 16 al 30 de Junio. Los or\u00edgenes de la actual feria\u2026<\/p>\n","protected":false},"author":1,"featured_media":3289,"parent":4993,"menu_order":0,"comment_status":"closed","ping_status":"closed","template":"","meta":{"content-type":"","footnotes":""},"class_list":["post-5001","page","type-page","status-publish","has-post-thumbnail","hentry","post"],"acf":[],"yoast_head":"<!-- This site is optimized with the Yoast SEO plugin v19.6.1 - https:\/\/yoast.com\/wordpress\/plugins\/seo\/ -->\n<title>F\u00eate - Turismo de Marchena<\/title>\n<meta name=\"description\" content=\"Las ferias nacen en la Edad Media en Espa\u00f1a, y han sido desde entonces el principal medio para intercambiar los diversos productos entre los reinos\" \/>\n<meta name=\"robots\" content=\"index, follow, max-snippet:-1, max-image-preview:large, max-video-preview:-1\" \/>\n<link rel=\"canonical\" href=\"https:\/\/turismodemarchena.org\/fr\/conoce-marchena\/fiestas-y-tradiciones\/feria\/\" \/>\n<meta property=\"og:locale\" content=\"fr_FR\" \/>\n<meta property=\"og:type\" content=\"article\" \/>\n<meta property=\"og:title\" content=\"F\u00eate - Turismo de Marchena\" \/>\n<meta property=\"og:description\" content=\"Las ferias nacen en la Edad Media en Espa\u00f1a, y han sido desde entonces el principal medio para intercambiar los diversos productos entre los reinos\" \/>\n<meta property=\"og:url\" content=\"https:\/\/turismodemarchena.org\/fr\/conoce-marchena\/fiestas-y-tradiciones\/feria\/\" \/>\n<meta property=\"og:site_name\" content=\"Marchena\" \/>\n<meta property=\"article:modified_time\" content=\"2023-04-05T12:44:08+00:00\" \/>\n<meta property=\"og:image\" content=\"https:\/\/turismodemarchena.org\/wp-content\/uploads\/2022\/07\/alumbrado-feria1.jpg\" \/>\n\t<meta property=\"og:image:width\" content=\"960\" \/>\n\t<meta property=\"og:image:height\" content=\"546\" \/>\n\t<meta property=\"og:image:type\" content=\"image\/jpeg\" \/>\n<meta name=\"twitter:card\" content=\"summary_large_image\" \/>\n<meta name=\"twitter:label1\" content=\"Dur\u00e9e de lecture estim\u00e9e\" \/>\n\t<meta name=\"twitter:data1\" content=\"3 minutes\" \/>\n<script type=\"application\/ld+json\" class=\"yoast-schema-graph\">{\"@context\":\"https:\/\/schema.org\",\"@graph\":[{\"@type\":\"WebPage\",\"@id\":\"https:\/\/turismodemarchena.org\/fr\/conoce-marchena\/fiestas-y-tradiciones\/feria\/\",\"url\":\"https:\/\/turismodemarchena.org\/fr\/conoce-marchena\/fiestas-y-tradiciones\/feria\/\",\"name\":\"F\u00eate - Turismo de Marchena\",\"isPartOf\":{\"@id\":\"https:\/\/turismodemarchena.org\/#website\"},\"datePublished\":\"2022-07-01T12:00:47+00:00\",\"dateModified\":\"2023-04-05T12:44:08+00:00\",\"description\":\"Las ferias nacen en la Edad Media en Espa\u00f1a, y han sido desde entonces el principal medio para intercambiar los diversos productos entre los reinos\",\"breadcrumb\":{\"@id\":\"https:\/\/turismodemarchena.org\/fr\/conoce-marchena\/fiestas-y-tradiciones\/feria\/#breadcrumb\"},\"inLanguage\":\"fr-FR\",\"potentialAction\":[{\"@type\":\"ReadAction\",\"target\":[\"https:\/\/turismodemarchena.org\/fr\/conoce-marchena\/fiestas-y-tradiciones\/feria\/\"]}]},{\"@type\":\"BreadcrumbList\",\"@id\":\"https:\/\/turismodemarchena.org\/fr\/conoce-marchena\/fiestas-y-tradiciones\/feria\/#breadcrumb\",\"itemListElement\":[{\"@type\":\"ListItem\",\"position\":1,\"name\":\"Home\",\"item\":\"https:\/\/turismodemarchena.org\/fr\/\"},{\"@type\":\"ListItem\",\"position\":2,\"name\":\"Rencontrez Marchena\",\"item\":\"https:\/\/turismodemarchena.org\/fr\/conoce-marchena\/\"},{\"@type\":\"ListItem\",\"position\":3,\"name\":\"F\u00eates et traditions\",\"item\":\"https:\/\/turismodemarchena.org\/fr\/conoce-marchena\/fiestas-y-tradiciones\/\"},{\"@type\":\"ListItem\",\"position\":4,\"name\":\"F\u00eate\"}]},{\"@type\":\"WebSite\",\"@id\":\"https:\/\/turismodemarchena.org\/#website\",\"url\":\"https:\/\/turismodemarchena.org\/\",\"name\":\"Marchena\",\"description\":\"\",\"publisher\":{\"@id\":\"https:\/\/turismodemarchena.org\/#organization\"},\"potentialAction\":[{\"@type\":\"SearchAction\",\"target\":{\"@type\":\"EntryPoint\",\"urlTemplate\":\"https:\/\/turismodemarchena.org\/?s={search_term_string}\"},\"query-input\":\"required name=search_term_string\"}],\"inLanguage\":\"fr-FR\"},{\"@type\":\"Organization\",\"@id\":\"https:\/\/turismodemarchena.org\/#organization\",\"name\":\"Turismo de Marchena\",\"url\":\"https:\/\/turismodemarchena.org\/\",\"sameAs\":[],\"logo\":{\"@type\":\"ImageObject\",\"inLanguage\":\"fr-FR\",\"@id\":\"https:\/\/turismodemarchena.org\/#\/schema\/logo\/image\/\",\"url\":\"https:\/\/turismodemarchena.org\/wp-content\/uploads\/2022\/09\/logoAyuntamientoMarchenaB.png\",\"contentUrl\":\"https:\/\/turismodemarchena.org\/wp-content\/uploads\/2022\/09\/logoAyuntamientoMarchenaB.png\",\"width\":184,\"height\":66,\"caption\":\"Turismo de Marchena\"},\"image\":{\"@id\":\"https:\/\/turismodemarchena.org\/#\/schema\/logo\/image\/\"}}]}<\/script>\n<!-- \/ Yoast SEO plugin. -->","yoast_head_json":{"title":"F\u00eate - Turismo de Marchena","description":"Las ferias nacen en la Edad Media en Espa\u00f1a, y han sido desde entonces el principal medio para intercambiar los diversos productos entre los reinos","robots":{"index":"index","follow":"follow","max-snippet":"max-snippet:-1","max-image-preview":"max-image-preview:large","max-video-preview":"max-video-preview:-1"},"canonical":"https:\/\/turismodemarchena.org\/fr\/conoce-marchena\/fiestas-y-tradiciones\/feria\/","og_locale":"fr_FR","og_type":"article","og_title":"F\u00eate - Turismo de Marchena","og_description":"Las ferias nacen en la Edad Media en Espa\u00f1a, y han sido desde entonces el principal medio para intercambiar los diversos productos entre los reinos","og_url":"https:\/\/turismodemarchena.org\/fr\/conoce-marchena\/fiestas-y-tradiciones\/feria\/","og_site_name":"Marchena","article_modified_time":"2023-04-05T12:44:08+00:00","og_image":[{"width":960,"height":546,"url":"https:\/\/turismodemarchena.org\/wp-content\/uploads\/2022\/07\/alumbrado-feria1.jpg","type":"image\/jpeg"}],"twitter_card":"summary_large_image","twitter_misc":{"Dur\u00e9e de lecture estim\u00e9e":"3 minutes"},"schema":{"@context":"https:\/\/schema.org","@graph":[{"@type":"WebPage","@id":"https:\/\/turismodemarchena.org\/fr\/conoce-marchena\/fiestas-y-tradiciones\/feria\/","url":"https:\/\/turismodemarchena.org\/fr\/conoce-marchena\/fiestas-y-tradiciones\/feria\/","name":"F\u00eate - Turismo de Marchena","isPartOf":{"@id":"https:\/\/turismodemarchena.org\/#website"},"datePublished":"2022-07-01T12:00:47+00:00","dateModified":"2023-04-05T12:44:08+00:00","description":"Las ferias nacen en la Edad Media en Espa\u00f1a, y han sido desde entonces el principal medio para intercambiar los diversos productos entre los reinos","breadcrumb":{"@id":"https:\/\/turismodemarchena.org\/fr\/conoce-marchena\/fiestas-y-tradiciones\/feria\/#breadcrumb"},"inLanguage":"fr-FR","potentialAction":[{"@type":"ReadAction","target":["https:\/\/turismodemarchena.org\/fr\/conoce-marchena\/fiestas-y-tradiciones\/feria\/"]}]},{"@type":"BreadcrumbList","@id":"https:\/\/turismodemarchena.org\/fr\/conoce-marchena\/fiestas-y-tradiciones\/feria\/#breadcrumb","itemListElement":[{"@type":"ListItem","position":1,"name":"Home","item":"https:\/\/turismodemarchena.org\/fr\/"},{"@type":"ListItem","position":2,"name":"Rencontrez Marchena","item":"https:\/\/turismodemarchena.org\/fr\/conoce-marchena\/"},{"@type":"ListItem","position":3,"name":"F\u00eates et traditions","item":"https:\/\/turismodemarchena.org\/fr\/conoce-marchena\/fiestas-y-tradiciones\/"},{"@type":"ListItem","position":4,"name":"F\u00eate"}]},{"@type":"WebSite","@id":"https:\/\/turismodemarchena.org\/#website","url":"https:\/\/turismodemarchena.org\/","name":"Marchena","description":"","publisher":{"@id":"https:\/\/turismodemarchena.org\/#organization"},"potentialAction":[{"@type":"SearchAction","target":{"@type":"EntryPoint","urlTemplate":"https:\/\/turismodemarchena.org\/?s={search_term_string}"},"query-input":"required name=search_term_string"}],"inLanguage":"fr-FR"},{"@type":"Organization","@id":"https:\/\/turismodemarchena.org\/#organization","name":"Turismo de Marchena","url":"https:\/\/turismodemarchena.org\/","sameAs":[],"logo":{"@type":"ImageObject","inLanguage":"fr-FR","@id":"https:\/\/turismodemarchena.org\/#\/schema\/logo\/image\/","url":"https:\/\/turismodemarchena.org\/wp-content\/uploads\/2022\/09\/logoAyuntamientoMarchenaB.png","contentUrl":"https:\/\/turismodemarchena.org\/wp-content\/uploads\/2022\/09\/logoAyuntamientoMarchenaB.png","width":184,"height":66,"caption":"Turismo de Marchena"},"image":{"@id":"https:\/\/turismodemarchena.org\/#\/schema\/logo\/image\/"}}]}},"_links":{"self":[{"href":"https:\/\/turismodemarchena.org\/fr\/wp-json\/wp\/v2\/pages\/5001","targetHints":{"allow":["GET"]}}],"collection":[{"href":"https:\/\/turismodemarchena.org\/fr\/wp-json\/wp\/v2\/pages"}],"about":[{"href":"https:\/\/turismodemarchena.org\/fr\/wp-json\/wp\/v2\/types\/page"}],"author":[{"embeddable":true,"href":"https:\/\/turismodemarchena.org\/fr\/wp-json\/wp\/v2\/users\/1"}],"replies":[{"embeddable":true,"href":"https:\/\/turismodemarchena.org\/fr\/wp-json\/wp\/v2\/comments?post=5001"}],"version-history":[{"count":4,"href":"https:\/\/turismodemarchena.org\/fr\/wp-json\/wp\/v2\/pages\/5001\/revisions"}],"predecessor-version":[{"id":5639,"href":"https:\/\/turismodemarchena.org\/fr\/wp-json\/wp\/v2\/pages\/5001\/revisions\/5639"}],"up":[{"embeddable":true,"href":"https:\/\/turismodemarchena.org\/fr\/wp-json\/wp\/v2\/pages\/4993"}],"wp:featuredmedia":[{"embeddable":true,"href":"https:\/\/turismodemarchena.org\/fr\/wp-json\/wp\/v2\/media\/3289"}],"wp:attachment":[{"href":"https:\/\/turismodemarchena.org\/fr\/wp-json\/wp\/v2\/media?parent=5001"}],"curies":[{"name":"wp","href":"https:\/\/api.w.org\/{rel}","templated":true}]}}