{"id":5024,"date":"2022-07-12T13:45:20","date_gmt":"2022-07-12T11:45:20","guid":{"rendered":"https:\/\/turismodemarchena.org\/conoce-marchena\/fiestas-y-tradiciones\/semana-santa\/nuestras-saetas\/"},"modified":"2023-04-04T12:21:53","modified_gmt":"2023-04-04T10:21:53","slug":"nuestras-saetas","status":"publish","type":"page","link":"https:\/\/turismodemarchena.org\/en\/conoce-marchena\/fiestas-y-tradiciones\/semana-santa\/nuestras-saetas\/","title":{"rendered":"Our Arrows"},"content":{"rendered":"<div id=\"pl-5024\"  class=\"panel-layout\" ><div id=\"pg-5024-0\"  class=\"panel-grid panel-has-style\" ><div class=\"panel-row-style panel-row-style-for-5024-0\" ><div id=\"pgc-5024-0-0\"  class=\"panel-grid-cell\" ><div id=\"panel-5024-0-0-0\" class=\"so-panel widget widget_sow-editor panel-first-child\" data-index=\"0\" ><div\n\t\t\t\n\t\t\tclass=\"so-widget-sow-editor so-widget-sow-editor-base\"\n\t\t\t\n\t\t>\n<div class=\"siteorigin-widget-tinymce textwidget\">\n\t<h2>Saetas de Marchena<\/h2>\n<\/div>\n<\/div><\/div><div id=\"panel-5024-0-0-1\" class=\"so-panel widget widget_sow-editor panel-last-child\" data-index=\"1\" ><div\n\t\t\t\n\t\t\tclass=\"so-widget-sow-editor so-widget-sow-editor-base\"\n\t\t\t\n\t\t>\n<div class=\"siteorigin-widget-tinymce textwidget\">\n\t<h3>Saetas de la Archicofrad\u00eda del Sant\u00edsimo Sacramento y Real Hdad. del Stmo. Cristo de San Pedro y Mar\u00eda Stma. de las Angustias (Fundada el 16-1-1556)<\/h3>\n<p>Est\u00e1 formada por cinco y seis versos. Su canto es llano-recitado y su nacimiento pudo tener lugar sobre finales del siglo XVII o principios del XVIII. La sexta es de pie quebrado, combinaci\u00f3n m\u00e9trica \u00fanica en la saeta. La poca melod\u00eda que contienen estas Saetas tiene cierto parecido a los cantos \u00e1rabes y sus letras hablan de la muerte de Cristo en la Cruz y de los hechos milagros habidos como consecuencia de ella.<\/p>\n<\/div>\n<\/div><\/div><\/div><\/div><\/div><div id=\"pg-5024-1\"  class=\"panel-grid panel-has-style\" ><div class=\"panel-row-style panel-row-style-for-5024-1\" ><div id=\"pgc-5024-1-0\"  class=\"panel-grid-cell\" ><div id=\"panel-5024-1-0-0\" class=\"so-panel widget widget_sow-editor panel-first-child\" data-index=\"2\" ><div\n\t\t\t\n\t\t\tclass=\"so-widget-sow-editor so-widget-sow-editor-base\"\n\t\t\t\n\t\t>\n<div class=\"siteorigin-widget-tinymce textwidget\">\n\t<p><strong>Quintas del Cristo de San Pedro<\/strong><\/p>\n<p><em>En una cruz lo pusieron,<br \/>\ndesnudo y descoyuntado,<br \/>\nhiel y vinagre le dieron,<br \/>\ncon sarcasmo le escupieron<\/em><\/p>\n<\/div>\n<\/div><\/div><div id=\"panel-5024-1-0-1\" class=\"widget_text so-panel widget widget_custom_html panel-last-child\" data-index=\"3\" ><div class=\"textwidget custom-html-widget\"><audio controls>\n<source src=\"\/wp-content\/uploads\/2022\/07\/QuintaCristo2.mp3\" type=\"audio\/mp3\">\nTu navegador no soporta este audio.\n<\/audio> <\/div><\/div><\/div><div id=\"pgc-5024-1-1\"  class=\"panel-grid-cell\" ><div id=\"panel-5024-1-1-0\" class=\"so-panel widget widget_sow-editor panel-first-child\" data-index=\"4\" ><div\n\t\t\t\n\t\t\tclass=\"so-widget-sow-editor so-widget-sow-editor-base\"\n\t\t\t\n\t\t>\n<div class=\"siteorigin-widget-tinymce textwidget\">\n\t<p><strong>Sextas del Cristo de San Pedro<\/strong><\/p>\n<p><em>Maldito sea el deleite<br \/>\nque tuvo Ad\u00e1n en pecar<br \/>\ny condenarnos!<br \/>\n\u00a1Bendita sea la muerte<br \/>\nque sufristeis por amar<br \/>\ny salvarnos!<\/em><\/p>\n<\/div>\n<\/div><\/div><div id=\"panel-5024-1-1-1\" class=\"widget_text so-panel widget widget_custom_html panel-last-child\" data-index=\"5\" ><div class=\"textwidget custom-html-widget\"><audio controls>\n<source src=\"\/wp-content\/uploads\/2022\/07\/SextaCristo.mp3\" type=\"audio\/mp3\">\nTu navegador no soporta este audio.\n<\/audio> <\/div><\/div><\/div><\/div><\/div><div id=\"pg-5024-2\"  class=\"panel-grid panel-has-style\" ><div class=\"siteorigin-panels-stretch panel-row-style panel-row-style-for-5024-2\" data-stretch-type=\"full\" ><div id=\"pgc-5024-2-0\"  class=\"panel-grid-cell\" ><div id=\"panel-5024-2-0-0\" class=\"so-panel widget widget_sow-editor panel-first-child panel-last-child\" data-index=\"6\" ><div\n\t\t\t\n\t\t\tclass=\"so-widget-sow-editor so-widget-sow-editor-base\"\n\t\t\t\n\t\t>\n<div class=\"siteorigin-widget-tinymce textwidget\">\n\t<h3>Saetas de la Archicofrad\u00eda del Sant\u00edsimo Sacramento Pontificia y Real Hermandad de Ntro. Padre Jes\u00fas Nazareno y Mar\u00eda Sant\u00edsima de las L\u00e1grimas. (fundada a principios del siglo XVII)<\/h3>\n<p>Formada por cuatro versos. Su canto es llano-recitado y comenzaron a cantarla los Hermanos de esta hermandad sobre principios del sigo XVIII. La escasa melod\u00eda de esta saeta se asemeja a la Quinta y sexta del Cristo, aunque con variantes musicales distintas en el tercer verso.<\/p>\n<\/div>\n<\/div><\/div><\/div><\/div><\/div><div id=\"pg-5024-3\"  class=\"panel-grid panel-has-style\" ><div class=\"siteorigin-panels-stretch panel-row-style panel-row-style-for-5024-3\" data-stretch-type=\"full\" ><div id=\"pgc-5024-3-0\"  class=\"panel-grid-cell panel-grid-cell-mobile-last\" ><div id=\"panel-5024-3-0-0\" class=\"so-panel widget widget_sow-editor panel-first-child\" data-index=\"7\" ><div\n\t\t\t\n\t\t\tclass=\"so-widget-sow-editor so-widget-sow-editor-base\"\n\t\t\t\n\t\t>\n<div class=\"siteorigin-widget-tinymce textwidget\">\n\t<p><strong>Cuarta de Ntro. Padre Jes\u00fas Nazareno<\/strong><\/p>\n<p><em>Hac\u00eda hablar a los mudos,<br \/>\nlos demonios despidiendo,<br \/>\na los ciegos daba vista,<br \/>\nresucitaba a los muertos.<\/em><\/p>\n<\/div>\n<\/div><\/div><div id=\"panel-5024-3-0-1\" class=\"widget_text so-panel widget widget_custom_html panel-last-child\" data-index=\"8\" ><div class=\"textwidget custom-html-widget\"><audio controls>\n<source src=\"\/wp-content\/uploads\/2022\/07\/cuartajesus.mp3\" type=\"audio\/mp3\">\nTu navegador no soporta este audio.\n<\/audio> <\/div><\/div><\/div><div id=\"pgc-5024-3-1\"  class=\"panel-grid-cell panel-grid-cell-empty\" ><\/div><\/div><\/div><div id=\"pg-5024-4\"  class=\"panel-grid panel-has-style\" ><div class=\"panel-row-style panel-row-style-for-5024-4\" ><div id=\"pgc-5024-4-0\"  class=\"panel-grid-cell\" ><div id=\"panel-5024-4-0-0\" class=\"so-panel widget widget_sow-editor panel-first-child panel-last-child\" data-index=\"9\" ><div\n\t\t\t\n\t\t\tclass=\"so-widget-sow-editor so-widget-sow-editor-base\"\n\t\t\t\n\t\t>\n<div class=\"siteorigin-widget-tinymce textwidget\">\n\t<h3>Saetas de la Pontificia y Real Hermandad Sacramental y Cofrad\u00eda de Nazarenos del Dulce Nombre de Jes\u00fas y Ntra. Sra. de la Piedad (fund.en el siglo XVI)<\/h3>\n<p>Tambi\u00e9n esta saeta tiene cuatro versos. Su canto es llano y pudo nacer sobre mediados del S.XVIII. La melod\u00eda de esta saeta puede provenir de derivaciones anteriores y sus cuatro versos tienen guardan la misma m\u00fasica.<\/p>\n<\/div>\n<\/div><\/div><\/div><\/div><\/div><div id=\"pg-5024-5\"  class=\"panel-grid panel-has-style\" ><div class=\"panel-row-style panel-row-style-for-5024-5\" ><div id=\"pgc-5024-5-0\"  class=\"panel-grid-cell panel-grid-cell-mobile-last\" ><div id=\"panel-5024-5-0-0\" class=\"so-panel widget widget_sow-editor panel-first-child\" data-index=\"10\" ><div\n\t\t\t\n\t\t\tclass=\"so-widget-sow-editor so-widget-sow-editor-base\"\n\t\t\t\n\t\t>\n<div class=\"siteorigin-widget-tinymce textwidget\">\n\t<p><strong>Cuartas de Dulce Nombre de Jes\u00fas<\/strong><\/p>\n<p><em>Este ni\u00f1o tan chiquito<br \/>\ncon los cordeles al cuello<br \/>\nlos p\u00edcaros de los jud\u00edos<br \/>\nle tiran de los cabellos.<\/em><\/p>\n<\/div>\n<\/div><\/div><div id=\"panel-5024-5-0-1\" class=\"widget_text so-panel widget widget_custom_html panel-last-child\" data-index=\"11\" ><div class=\"textwidget custom-html-widget\"><audio controls>\n<source src=\"\/wp-content\/uploads\/2022\/07\/cuartadulcenombre.mp3\" type=\"audio\/mp3\">\nTu navegador no soporta este audio.\n<\/audio> <\/div><\/div><\/div><div id=\"pgc-5024-5-1\"  class=\"panel-grid-cell panel-grid-cell-empty\" ><\/div><\/div><\/div><div id=\"pg-5024-6\"  class=\"panel-grid panel-has-style\" ><div class=\"siteorigin-panels-stretch panel-row-style panel-row-style-for-5024-6\" data-stretch-type=\"full\" ><div id=\"pgc-5024-6-0\"  class=\"panel-grid-cell\" ><div id=\"panel-5024-6-0-0\" class=\"so-panel widget widget_sow-editor panel-first-child panel-last-child\" data-index=\"12\" ><div\n\t\t\t\n\t\t\tclass=\"so-widget-sow-editor so-widget-sow-editor-base\"\n\t\t\t\n\t\t>\n<div class=\"siteorigin-widget-tinymce textwidget\">\n\t<h3>Saeta de la Hdad. de Ntro. P.y Se\u00f1or de la Humildad y Paciencia y Ntra. Sra. de los Dolores (Fundada el 28\/5\/1820)<\/h3>\n<p>Posee cuatro versos aunuqe al transformaarla en canto se convierte en una Quinta por repetirse el tercer verso. Parece ser que en su origen se cantaba con cuatro versos s\u00f3lo. Esta seata es conocida como cuarta de la Humildad. Y est\u00e1 m\u00e1s elaborada mel\u00f3dicamente que las anteriores, tiene cierta semejanza con los prefacios de la misa y posee ya aire propios coincidentes con la canci\u00f3n andaluza, pero a\u00fan conserva la influencia mel\u00f3dica del canto llano utilizado en las Saetas anteriores.<\/p>\n<\/div>\n<\/div><\/div><\/div><\/div><\/div><div id=\"pg-5024-7\"  class=\"panel-grid panel-has-style\" ><div class=\"siteorigin-panels-stretch panel-row-style panel-row-style-for-5024-7\" data-stretch-type=\"full\" ><div id=\"pgc-5024-7-0\"  class=\"panel-grid-cell panel-grid-cell-mobile-last\" ><div id=\"panel-5024-7-0-0\" class=\"so-panel widget widget_sow-editor panel-first-child\" data-index=\"13\" ><div\n\t\t\t\n\t\t\tclass=\"so-widget-sow-editor so-widget-sow-editor-base\"\n\t\t\t\n\t\t>\n<div class=\"siteorigin-widget-tinymce textwidget\">\n\t<p><strong>Cuarta del Se\u00f1or de la Humildad<\/strong><\/p>\n<p><em>Una cuerda para aterlo,<br \/>\ndijo fuerte aquel say\u00f3n,<br \/>\nmientras que Cristo ped\u00eda<br \/>\na Dios Padre su perd\u00f3n.<\/em><\/p>\n<\/div>\n<\/div><\/div><div id=\"panel-5024-7-0-1\" class=\"widget_text so-panel widget widget_custom_html panel-last-child\" data-index=\"14\" ><div class=\"textwidget custom-html-widget\"><audio controls>\n<source src=\"\/wp-content\/uploads\/2022\/07\/cuartahumildad.mp3\" type=\"audio\/mp3\">\nTu navegador no soporta este audio.\n<\/audio> <\/div><\/div><\/div><div id=\"pgc-5024-7-1\"  class=\"panel-grid-cell panel-grid-cell-empty\" ><\/div><\/div><\/div><div id=\"pg-5024-8\"  class=\"panel-grid panel-has-style\" ><div class=\"panel-row-style panel-row-style-for-5024-8\" ><div id=\"pgc-5024-8-0\"  class=\"panel-grid-cell\" ><div id=\"panel-5024-8-0-0\" class=\"so-panel widget widget_sow-editor panel-first-child panel-last-child\" data-index=\"15\" ><div\n\t\t\t\n\t\t\tclass=\"so-widget-sow-editor so-widget-sow-editor-base\"\n\t\t\t\n\t\t>\n<div class=\"siteorigin-widget-tinymce textwidget\">\n\t<h3>Saetas de la Real, Ilustre y Fervorosa Hermandad y Cofrad\u00eda de Nazarenos del Santo Entierro de Cristo y Ntra. Sra. y Madre de la Soledad. (fund.23\/3\/1567).<\/h3>\n<p>El nombre de estas saetas no tiene nada en com\u00fan con el cante flamenco por carceleras, son creaciones propias de los presos de la antigua c\u00e1rcel de Marchena, de los Hermanos de la Hermandad y de la gente del pueblo. Est\u00e1n compuesta por cinco versos, ausent\u00e1ndose totalmente del canto llano y apareciendo la saeta mucho m\u00e1s elaborada musicalmente que las anteriores y generando gran margen de subjetividad creativa por parte del que la canta. Su nacimiento pudo tener lugar en el \u00faltimo tercio del siglo XIX. Hay tres viejos estilos de Carceleras que se a\u00fan se conservan y se canta, el propiamente llamado \"CARCELERA\" que cantaban los presos al pasar la Virgen de la Soledad, con letras alusivas a la situaci\u00f3n social del preso.<\/p>\n<\/div>\n<\/div><\/div><\/div><\/div><\/div><div id=\"pg-5024-9\"  class=\"panel-grid panel-has-style\" ><div class=\"panel-row-style panel-row-style-for-5024-9\" ><div id=\"pgc-5024-9-0\"  class=\"panel-grid-cell panel-grid-cell-mobile-last\" ><div id=\"panel-5024-9-0-0\" class=\"so-panel widget widget_sow-editor panel-first-child\" data-index=\"16\" ><div\n\t\t\t\n\t\t\tclass=\"so-widget-sow-editor so-widget-sow-editor-base\"\n\t\t\t\n\t\t>\n<div class=\"siteorigin-widget-tinymce textwidget\">\n\t<p><strong>Carcelera de la Soledad<\/strong><\/p>\n<p><em>En un triste calabozo<br \/>\nlas penas me consum\u00edan,<br \/>\nse me aproxima la muerte,<br \/>\nte suplico madre m\u00eda<br \/>\nque me saques libremente.<\/em><\/p>\n<\/div>\n<\/div><\/div><div id=\"panel-5024-9-0-1\" class=\"widget_text so-panel widget widget_custom_html panel-last-child\" data-index=\"17\" ><div class=\"textwidget custom-html-widget\"><audio controls>\n<source src=\"\/wp-content\/uploads\/2022\/07\/carcelerasoledad.mp3\" type=\"audio\/mp3\">\nTu navegador no soporta este audio.\n<\/audio> <\/div><\/div><\/div><div id=\"pgc-5024-9-1\"  class=\"panel-grid-cell panel-grid-cell-empty\" ><\/div><\/div><\/div><div id=\"pg-5024-10\"  class=\"panel-grid panel-has-style\" ><div class=\"panel-row-style panel-row-style-for-5024-10\" ><div id=\"pgc-5024-10-0\"  class=\"panel-grid-cell\" ><div id=\"panel-5024-10-0-0\" class=\"so-panel widget widget_sow-editor panel-first-child\" data-index=\"18\" ><div\n\t\t\t\n\t\t\tclass=\"so-widget-sow-editor so-widget-sow-editor-base\"\n\t\t\t\n\t\t>\n<div class=\"siteorigin-widget-tinymce textwidget\">\n\t<p>Otro estilo, cantado es conocido con el nombre de \"MOLEDERA\" .Se llama con este nombre a la parte final del recorridopenitencial que efect\u00faa esta Hermandad, donde la gente se afana por estar junto al paso de Virgen y como consecuencia de ellos terminan todos \"molidos\" . \"La Moleera\", como se le llama en Marchena, est\u00e1 compuesta por cinco versos y cuando se canta se convierte en seis por repetirse el cuarto verso. Las letras hablan del desconsuelo, desamparo y dolores del Virgen de la Soledad.<\/p>\n<p><strong>Moledera de la Soledad<\/strong><\/p>\n<p><em>Tu no fueras marchenera<br \/>\nen la noche de pasi\u00f3n<br \/>\nMarchena no te dijera,<br \/>\nen un piropo oraci\u00f3n,<br \/>\ngitana y cernicalera.<\/em><\/p>\n<\/div>\n<\/div><\/div><div id=\"panel-5024-10-0-1\" class=\"widget_text so-panel widget widget_custom_html panel-last-child\" data-index=\"19\" ><div class=\"textwidget custom-html-widget\"><audio controls>\n<source src=\"\/wp-content\/uploads\/2022\/07\/molederasoledad.mp3\" type=\"audio\/mp3\">\nTu navegador no soporta este audio.\n<\/audio> <\/div><\/div><\/div><div id=\"pgc-5024-10-1\"  class=\"panel-grid-cell\" ><div id=\"panel-5024-10-1-0\" class=\"so-panel widget widget_sow-editor panel-first-child\" data-index=\"20\" ><div\n\t\t\t\n\t\t\tclass=\"so-widget-sow-editor so-widget-sow-editor-base\"\n\t\t\t\n\t\t>\n<div class=\"siteorigin-widget-tinymce textwidget\">\n\t<p>El tercer estilo de Carcelera es una bella melod\u00eda, derivada de la Saeta Moledera, sus letras hablan sobre el cari\u00f1o y admiraci\u00f3n de la Virgen. El nombre de esta saeta es \"CERNICALERA\". Popularmente se llama con este apelativo al a Virgen de la Soledad.<\/p>\n<p><strong>Cernicalera de la Soledad<\/strong><\/p>\n<p><em>Eres Madre y eres Reina,<br \/>\neres Rosa de admiraci\u00f3n<br \/>\ncuando bajas por el tiro<br \/>\nacompa\u00f1ando a tu hijo<br \/>\nen tu noche de pasi\u00f3n.<\/em><\/p>\n<\/div>\n<\/div><\/div><div id=\"panel-5024-10-1-1\" class=\"widget_text so-panel widget widget_custom_html panel-last-child\" data-index=\"21\" ><div class=\"textwidget custom-html-widget\"><audio controls>\n<source src=\"\/wp-content\/uploads\/2022\/07\/cernicalera.mp3\" type=\"audio\/mp3\">\nTu navegador no soporta este audio.\n<\/audio> <\/div><\/div><\/div><\/div><\/div><div id=\"pg-5024-11\"  class=\"panel-grid panel-has-style\" ><div class=\"siteorigin-panels-stretch panel-row-style panel-row-style-for-5024-11\" data-stretch-type=\"full\" ><div id=\"pgc-5024-11-0\"  class=\"panel-grid-cell\" ><div id=\"panel-5024-11-0-0\" class=\"so-panel widget widget_sow-editor panel-first-child panel-last-child\" data-index=\"22\" ><div\n\t\t\t\n\t\t\tclass=\"so-widget-sow-editor so-widget-sow-editor-base\"\n\t\t\t\n\t\t>\n<div class=\"siteorigin-widget-tinymce textwidget\">\n\t<h3>Saetas Marcheneras<\/h3>\n<p>Con este nombre fu\u00e9 as\u00ed conocida y bautizada esta Saeta en Sevilla a finales del siglo XIX, o principios del XX. All\u00ed la llevaron los marcheneros con una melod\u00eda extraida de la Carcelera del Preso y creando con su subjetivismo otro nuevo estilo de saeta de cinco versos tambien, llamado con el nombre de \"MARCHENERA\", con unas variantes proximas al flamenco, con aires de martinete y conservando todav\u00eda los m\u00ednimos aires de la Carcelera del preso. Las letras de estas saeta hacen menci\u00f3n a distintas y diversas manifestaciones de cari\u00f1o, afecto,devoci\u00f3n y sentimiento a las Sagradas Im\u00e1genes. Para diferenciarlas se clasifican como \"MARCHENERA ANTIGUA\" y el segundo \"MARCHENERA NUEVA\".<\/p>\n<p>Estos dos estilos se cantan a todas las im\u00e1genes que desfilan en la Semana Santa marchenra y van destinadas a otras hermandades como la de la Santa Vera Cruz, De Ntro. Padre Jes\u00fas de la Paz y Mar\u00eda Sant\u00edsima del Palma.<\/p>\n<\/div>\n<\/div><\/div><\/div><\/div><\/div><div id=\"pg-5024-12\"  class=\"panel-grid panel-has-style\" ><div class=\"siteorigin-panels-stretch panel-row-style panel-row-style-for-5024-12\" data-stretch-type=\"full\" ><div id=\"pgc-5024-12-0\"  class=\"panel-grid-cell\" ><div id=\"panel-5024-12-0-0\" class=\"so-panel widget widget_sow-editor panel-first-child\" data-index=\"23\" ><div\n\t\t\t\n\t\t\tclass=\"so-widget-sow-editor so-widget-sow-editor-base\"\n\t\t\t\n\t\t>\n<div class=\"siteorigin-widget-tinymce textwidget\">\n\t<p><strong>Saetas marcheneras antiguas<\/strong><\/p>\n<p><em>Virgen de los Dolores<br \/>\nque est\u00e1 en Marchena la llana<br \/>\nen un convento de flores<br \/>\n-en un convento de flores-<br \/>\n-que Santa Clara le llaman.<\/em><\/p>\n<\/div>\n<\/div><\/div><div id=\"panel-5024-12-0-1\" class=\"widget_text so-panel widget widget_custom_html panel-last-child\" data-index=\"24\" ><div class=\"textwidget custom-html-widget\"><audio controls>\n<source src=\"\/wp-content\/uploads\/2022\/07\/marcantigua.mp3\" type=\"audio\/mp3\">\nTu navegador no soporta este audio.\n<\/audio> <\/div><\/div><\/div><div id=\"pgc-5024-12-1\"  class=\"panel-grid-cell\" ><div id=\"panel-5024-12-1-0\" class=\"so-panel widget widget_sow-editor panel-first-child\" data-index=\"25\" ><div\n\t\t\t\n\t\t\tclass=\"so-widget-sow-editor so-widget-sow-editor-base\"\n\t\t\t\n\t\t>\n<div class=\"siteorigin-widget-tinymce textwidget\">\n\t<p><strong>Saetas marcheneras nuevas<\/strong><\/p>\n<p><em>Hoy sale de San Agustin<br \/>\nlos mejores costaleros<br \/>\nellos fueron los primeros\/br&gt; en rendirle sus costales<br \/>\n-a Mar\u00eda y su hijo bueno.<\/em><\/p>\n<\/div>\n<\/div><\/div><div id=\"panel-5024-12-1-1\" class=\"widget_text so-panel widget widget_custom_html panel-last-child\" data-index=\"26\" ><div class=\"textwidget custom-html-widget\"><audio controls>\n<source src=\"\/wp-content\/uploads\/2022\/07\/marnueva.mp3\" type=\"audio\/mp3\">\nTu navegador no soporta este audio.\n<\/audio> <\/div><\/div><\/div><\/div><\/div><div id=\"pg-5024-13\"  class=\"panel-grid panel-has-style\" ><div class=\"panel-row-style panel-row-style-for-5024-13\" ><div id=\"pgc-5024-13-0\"  class=\"panel-grid-cell\" ><div id=\"panel-5024-13-0-0\" class=\"so-panel widget widget_sow-editor panel-first-child\" data-index=\"27\" ><div\n\t\t\t\n\t\t\tclass=\"so-widget-sow-editor so-widget-sow-editor-base\"\n\t\t\t\n\t\t>\n<div class=\"siteorigin-widget-tinymce textwidget\">\n\t<p>Todas estas Saetas, descritas, van acompa\u00f1adas, a su finalizaci\u00f3n por unas notas musicales que interpreta una capilla musical situada delante de los respectivos pasos. A la imagen del yacente se le aplican las notas musicales del Miserere del Cristo, y a la Virgen de la Soledad las notas musicales del Staba Marter de la Soledad. Composiciones musicales propias del rancio abolengo marchenero.<\/p>\n<\/div>\n<\/div><\/div><div id=\"panel-5024-13-0-1\" class=\"widget_text so-panel widget widget_custom_html panel-last-child\" data-index=\"28\" ><div class=\"textwidget custom-html-widget\"><audio controls>\n<source src=\"\/wp-content\/uploads\/2022\/07\/notas-musicales.mp3\" type=\"audio\/mp3\">\nTu navegador no soporta este audio.\n<\/audio> <\/div><\/div><\/div><\/div><\/div><div id=\"pg-5024-14\"  class=\"panel-grid panel-has-style\" ><div class=\"siteorigin-panels-stretch panel-row-style panel-row-style-for-5024-14\" data-stretch-type=\"full\" ><div id=\"pgc-5024-14-0\"  class=\"panel-grid-cell\" ><div id=\"panel-5024-14-0-0\" class=\"so-panel widget widget_sow-editor panel-first-child panel-last-child\" data-index=\"29\" ><div\n\t\t\t\n\t\t\tclass=\"so-widget-sow-editor so-widget-sow-editor-base\"\n\t\t\t\n\t\t>\n<div class=\"siteorigin-widget-tinymce textwidget\">\n\t<p style=\"text-align: center;\">Estas grabaciones se recogen en el CD. Origen y evoluci\u00f3n de la Saeta<\/p>\n<p style=\"text-align: center;\">\"<strong>SAETAS MARCHENERAS<\/strong>\"<\/p>\n<p style=\"text-align: center;\">Escuela de Saetas Se\u00f1or de la Humildad de Marchena, editado por la Pe\u00f1a Amigos del Flamenco de Extremadura y grabado en Marchena en 1999.<\/p>\n<\/div>\n<\/div><\/div><\/div><\/div><\/div><\/div>","protected":false},"excerpt":{"rendered":"<p>Saetas de Marchena Saetas de la Archicofrad\u00eda del Sant\u00edsimo Sacramento y Real Hdad. del Stmo. Cristo de San Pedro y Mar\u00eda Stma. de las Angustias (Fundada el 16-1-1556) Est\u00e1 formada por cinco y seis versos. Su canto es llano-recitado y su nacimiento pudo tener lugar sobre finales del siglo XVII o principios del XVIII. La&hellip;<\/p>\n","protected":false},"author":1,"featured_media":0,"parent":5012,"menu_order":0,"comment_status":"closed","ping_status":"closed","template":"","meta":{"content-type":"","footnotes":""},"class_list":["post-5024","page","type-page","status-publish","hentry","post"],"acf":[],"yoast_head":"<!-- This site is optimized with the Yoast SEO plugin v19.6.1 - https:\/\/yoast.com\/wordpress\/plugins\/seo\/ -->\n<title>Our Arrows - Turismo de Marchena<\/title>\n<meta name=\"description\" content=\"Saetas de Marchena Saetas de la Archicofrad\u00eda del Sant\u00edsimo Sacramento y Real Hdad. del Stmo. Cristo de San Pedro y Mar\u00eda Stma. de las Angustias (Fundada\" \/>\n<meta name=\"robots\" content=\"index, follow, max-snippet:-1, max-image-preview:large, max-video-preview:-1\" \/>\n<link rel=\"canonical\" href=\"https:\/\/turismodemarchena.org\/en\/conoce-marchena\/fiestas-y-tradiciones\/semana-santa\/nuestras-saetas\/\" \/>\n<meta property=\"og:locale\" content=\"en_US\" \/>\n<meta property=\"og:type\" content=\"article\" \/>\n<meta property=\"og:title\" content=\"Our Arrows - Turismo de Marchena\" \/>\n<meta property=\"og:description\" content=\"Saetas de Marchena Saetas de la Archicofrad\u00eda del Sant\u00edsimo Sacramento y Real Hdad. del Stmo. Cristo de San Pedro y Mar\u00eda Stma. de las Angustias (Fundada\" \/>\n<meta property=\"og:url\" content=\"https:\/\/turismodemarchena.org\/en\/conoce-marchena\/fiestas-y-tradiciones\/semana-santa\/nuestras-saetas\/\" \/>\n<meta property=\"og:site_name\" content=\"Marchena\" \/>\n<meta property=\"article:modified_time\" content=\"2023-04-04T10:21:53+00:00\" \/>\n<meta name=\"twitter:card\" content=\"summary_large_image\" \/>\n<meta name=\"twitter:label1\" content=\"Est. reading time\" \/>\n\t<meta name=\"twitter:data1\" content=\"6 minutes\" \/>\n<script type=\"application\/ld+json\" class=\"yoast-schema-graph\">{\"@context\":\"https:\/\/schema.org\",\"@graph\":[{\"@type\":\"WebPage\",\"@id\":\"https:\/\/turismodemarchena.org\/en\/conoce-marchena\/fiestas-y-tradiciones\/semana-santa\/nuestras-saetas\/\",\"url\":\"https:\/\/turismodemarchena.org\/en\/conoce-marchena\/fiestas-y-tradiciones\/semana-santa\/nuestras-saetas\/\",\"name\":\"Our Arrows - Turismo de Marchena\",\"isPartOf\":{\"@id\":\"https:\/\/turismodemarchena.org\/#website\"},\"datePublished\":\"2022-07-12T11:45:20+00:00\",\"dateModified\":\"2023-04-04T10:21:53+00:00\",\"description\":\"Saetas de Marchena Saetas de la Archicofrad\u00eda del Sant\u00edsimo Sacramento y Real Hdad. del Stmo. Cristo de San Pedro y Mar\u00eda Stma. de las Angustias (Fundada\",\"breadcrumb\":{\"@id\":\"https:\/\/turismodemarchena.org\/en\/conoce-marchena\/fiestas-y-tradiciones\/semana-santa\/nuestras-saetas\/#breadcrumb\"},\"inLanguage\":\"en-US\",\"potentialAction\":[{\"@type\":\"ReadAction\",\"target\":[\"https:\/\/turismodemarchena.org\/en\/conoce-marchena\/fiestas-y-tradiciones\/semana-santa\/nuestras-saetas\/\"]}]},{\"@type\":\"BreadcrumbList\",\"@id\":\"https:\/\/turismodemarchena.org\/en\/conoce-marchena\/fiestas-y-tradiciones\/semana-santa\/nuestras-saetas\/#breadcrumb\",\"itemListElement\":[{\"@type\":\"ListItem\",\"position\":1,\"name\":\"Home\",\"item\":\"https:\/\/turismodemarchena.org\/en\/\"},{\"@type\":\"ListItem\",\"position\":2,\"name\":\"Meet Marchena\",\"item\":\"https:\/\/turismodemarchena.org\/en\/conoce-marchena\/\"},{\"@type\":\"ListItem\",\"position\":3,\"name\":\"Holidays and traditions\",\"item\":\"https:\/\/turismodemarchena.org\/en\/conoce-marchena\/fiestas-y-tradiciones\/\"},{\"@type\":\"ListItem\",\"position\":4,\"name\":\"Easter\",\"item\":\"https:\/\/turismodemarchena.org\/en\/conoce-marchena\/fiestas-y-tradiciones\/semana-santa\/\"},{\"@type\":\"ListItem\",\"position\":5,\"name\":\"Our Arrows\"}]},{\"@type\":\"WebSite\",\"@id\":\"https:\/\/turismodemarchena.org\/#website\",\"url\":\"https:\/\/turismodemarchena.org\/\",\"name\":\"Marchena\",\"description\":\"\",\"publisher\":{\"@id\":\"https:\/\/turismodemarchena.org\/#organization\"},\"potentialAction\":[{\"@type\":\"SearchAction\",\"target\":{\"@type\":\"EntryPoint\",\"urlTemplate\":\"https:\/\/turismodemarchena.org\/?s={search_term_string}\"},\"query-input\":\"required name=search_term_string\"}],\"inLanguage\":\"en-US\"},{\"@type\":\"Organization\",\"@id\":\"https:\/\/turismodemarchena.org\/#organization\",\"name\":\"Turismo de Marchena\",\"url\":\"https:\/\/turismodemarchena.org\/\",\"sameAs\":[],\"logo\":{\"@type\":\"ImageObject\",\"inLanguage\":\"en-US\",\"@id\":\"https:\/\/turismodemarchena.org\/#\/schema\/logo\/image\/\",\"url\":\"https:\/\/turismodemarchena.org\/wp-content\/uploads\/2022\/09\/logoAyuntamientoMarchenaB.png\",\"contentUrl\":\"https:\/\/turismodemarchena.org\/wp-content\/uploads\/2022\/09\/logoAyuntamientoMarchenaB.png\",\"width\":184,\"height\":66,\"caption\":\"Turismo de Marchena\"},\"image\":{\"@id\":\"https:\/\/turismodemarchena.org\/#\/schema\/logo\/image\/\"}}]}<\/script>\n<!-- \/ Yoast SEO plugin. -->","yoast_head_json":{"title":"Our Arrows - Turismo de Marchena","description":"Saetas de Marchena Saetas de la Archicofrad\u00eda del Sant\u00edsimo Sacramento y Real Hdad. del Stmo. Cristo de San Pedro y Mar\u00eda Stma. de las Angustias (Fundada","robots":{"index":"index","follow":"follow","max-snippet":"max-snippet:-1","max-image-preview":"max-image-preview:large","max-video-preview":"max-video-preview:-1"},"canonical":"https:\/\/turismodemarchena.org\/en\/conoce-marchena\/fiestas-y-tradiciones\/semana-santa\/nuestras-saetas\/","og_locale":"en_US","og_type":"article","og_title":"Our Arrows - Turismo de Marchena","og_description":"Saetas de Marchena Saetas de la Archicofrad\u00eda del Sant\u00edsimo Sacramento y Real Hdad. del Stmo. Cristo de San Pedro y Mar\u00eda Stma. de las Angustias (Fundada","og_url":"https:\/\/turismodemarchena.org\/en\/conoce-marchena\/fiestas-y-tradiciones\/semana-santa\/nuestras-saetas\/","og_site_name":"Marchena","article_modified_time":"2023-04-04T10:21:53+00:00","twitter_card":"summary_large_image","twitter_misc":{"Est. reading time":"6 minutes"},"schema":{"@context":"https:\/\/schema.org","@graph":[{"@type":"WebPage","@id":"https:\/\/turismodemarchena.org\/en\/conoce-marchena\/fiestas-y-tradiciones\/semana-santa\/nuestras-saetas\/","url":"https:\/\/turismodemarchena.org\/en\/conoce-marchena\/fiestas-y-tradiciones\/semana-santa\/nuestras-saetas\/","name":"Our Arrows - Turismo de Marchena","isPartOf":{"@id":"https:\/\/turismodemarchena.org\/#website"},"datePublished":"2022-07-12T11:45:20+00:00","dateModified":"2023-04-04T10:21:53+00:00","description":"Saetas de Marchena Saetas de la Archicofrad\u00eda del Sant\u00edsimo Sacramento y Real Hdad. del Stmo. Cristo de San Pedro y Mar\u00eda Stma. de las Angustias (Fundada","breadcrumb":{"@id":"https:\/\/turismodemarchena.org\/en\/conoce-marchena\/fiestas-y-tradiciones\/semana-santa\/nuestras-saetas\/#breadcrumb"},"inLanguage":"en-US","potentialAction":[{"@type":"ReadAction","target":["https:\/\/turismodemarchena.org\/en\/conoce-marchena\/fiestas-y-tradiciones\/semana-santa\/nuestras-saetas\/"]}]},{"@type":"BreadcrumbList","@id":"https:\/\/turismodemarchena.org\/en\/conoce-marchena\/fiestas-y-tradiciones\/semana-santa\/nuestras-saetas\/#breadcrumb","itemListElement":[{"@type":"ListItem","position":1,"name":"Home","item":"https:\/\/turismodemarchena.org\/en\/"},{"@type":"ListItem","position":2,"name":"Meet Marchena","item":"https:\/\/turismodemarchena.org\/en\/conoce-marchena\/"},{"@type":"ListItem","position":3,"name":"Holidays and traditions","item":"https:\/\/turismodemarchena.org\/en\/conoce-marchena\/fiestas-y-tradiciones\/"},{"@type":"ListItem","position":4,"name":"Easter","item":"https:\/\/turismodemarchena.org\/en\/conoce-marchena\/fiestas-y-tradiciones\/semana-santa\/"},{"@type":"ListItem","position":5,"name":"Our Arrows"}]},{"@type":"WebSite","@id":"https:\/\/turismodemarchena.org\/#website","url":"https:\/\/turismodemarchena.org\/","name":"Marchena","description":"","publisher":{"@id":"https:\/\/turismodemarchena.org\/#organization"},"potentialAction":[{"@type":"SearchAction","target":{"@type":"EntryPoint","urlTemplate":"https:\/\/turismodemarchena.org\/?s={search_term_string}"},"query-input":"required name=search_term_string"}],"inLanguage":"en-US"},{"@type":"Organization","@id":"https:\/\/turismodemarchena.org\/#organization","name":"Turismo de Marchena","url":"https:\/\/turismodemarchena.org\/","sameAs":[],"logo":{"@type":"ImageObject","inLanguage":"en-US","@id":"https:\/\/turismodemarchena.org\/#\/schema\/logo\/image\/","url":"https:\/\/turismodemarchena.org\/wp-content\/uploads\/2022\/09\/logoAyuntamientoMarchenaB.png","contentUrl":"https:\/\/turismodemarchena.org\/wp-content\/uploads\/2022\/09\/logoAyuntamientoMarchenaB.png","width":184,"height":66,"caption":"Turismo de Marchena"},"image":{"@id":"https:\/\/turismodemarchena.org\/#\/schema\/logo\/image\/"}}]}},"_links":{"self":[{"href":"https:\/\/turismodemarchena.org\/en\/wp-json\/wp\/v2\/pages\/5024","targetHints":{"allow":["GET"]}}],"collection":[{"href":"https:\/\/turismodemarchena.org\/en\/wp-json\/wp\/v2\/pages"}],"about":[{"href":"https:\/\/turismodemarchena.org\/en\/wp-json\/wp\/v2\/types\/page"}],"author":[{"embeddable":true,"href":"https:\/\/turismodemarchena.org\/en\/wp-json\/wp\/v2\/users\/1"}],"replies":[{"embeddable":true,"href":"https:\/\/turismodemarchena.org\/en\/wp-json\/wp\/v2\/comments?post=5024"}],"version-history":[{"count":2,"href":"https:\/\/turismodemarchena.org\/en\/wp-json\/wp\/v2\/pages\/5024\/revisions"}],"predecessor-version":[{"id":5027,"href":"https:\/\/turismodemarchena.org\/en\/wp-json\/wp\/v2\/pages\/5024\/revisions\/5027"}],"up":[{"embeddable":true,"href":"https:\/\/turismodemarchena.org\/en\/wp-json\/wp\/v2\/pages\/5012"}],"wp:attachment":[{"href":"https:\/\/turismodemarchena.org\/en\/wp-json\/wp\/v2\/media?parent=5024"}],"curies":[{"name":"wp","href":"https:\/\/api.w.org\/{rel}","templated":true}]}}